{"id":33,"date":"2024-03-21T21:08:24","date_gmt":"2024-03-21T21:08:24","guid":{"rendered":"https:\/\/nextgenc.net\/?page_id=33"},"modified":"2026-09-03T15:37:21","modified_gmt":"2026-09-03T15:37:21","slug":"investigacion","status":"publish","type":"page","link":"https:\/\/nextgenc.net\/en\/investigacion\/","title":{"rendered":"Research"},"content":{"rendered":"<h2>\n\t\tRESEARCH\n\t<\/h2>\n\t<p class=\"translation-block\">This section presents the research outputs of <strong>#NextGenC<\/strong>. These studies explore how young people, local governments, and other urban actors use digital tools and innovative forms of governance, identifying both progress and challenges in youth participation in the digital age. The documents available here connect academic evidence with the experiences and realities of young people, while also providing insights to strengthen more democratic and inclusive urban governance.<\/p>\n\t\t\t\t<a href=\"https:\/\/nextgenc.net\/en\/publicaciones\/como-acompanarnos-entre-jovenes-en-temas-de-salud-mental-manizales\/\" target=\"_self\" itemprop=\"url\">\n\t\t\t\t<img loading=\"lazy\" decoding=\"async\" src=\"https:\/\/nextgenc.net\/wp-content\/uploads\/2026\/02\/Manizales_FINAL-1_page-0001.jpg\" alt=\"Manizales_FINAL-1_page-0001\" itemprop=\"image\" height=\"937\" width=\"724\" title=\"Manizales_FINAL-1_page-0001\" onerror=\"this.style.display='none'\"  \/>\n\t\t\t\t<\/a>\n<h2>\n\t\tFeatured Publications\n\t<\/h2>\n<h4>\n\t\tGuide\n\t<\/h4>\n<h3>\n\t\t<a href=\"https:\/\/nextgenc.net\/en\/publicaciones\/como-acompanarnos-entre-jovenes-en-temas-de-salud-mental-manizales\/\" title=\"How Can We Support One Another as Young People When It Comes to Mental Health? - Manizales\" target=\"_self\">\n\t\t\u00bfC\u00f3mo acompa\u00f1arnos entre j\u00f3venes en temas de salud mental? &#8211; Manizales\n\t\t<\/a>\n\t<\/h3>\n\t<p>A guide for young people in Manizales on support, care, and guidance regarding mental health issues. It compiles experiences, problems identified by young people, and recommendations for strengthening support networks, youth leadership, self-care, access to care pathways, and emotional well-being.<\/p>\n<h1>\n\t\tAll posts\n\t<\/h1>\n\t\t\t\tTodos\n\t\t\t\tQuibd\u00f3\n\t\t\t\tCartagena\n\t\t\t\tManizales\n\t\t\t\tOtras publicaciones\n\t\t\t\t\t\t\tTodos\n\t\t\t\t<a href=\"https:\/\/nextgenc.net\/en\/publicaciones\/participacion-juvenil-en-quibdo\/\" target=\"_self\" itemprop=\"url\">\n\t\t\t\t<img loading=\"lazy\" decoding=\"async\" src=\"https:\/\/nextgenc.net\/wp-content\/uploads\/2025\/08\/Quibdo-Los-Andes-212x300.png\" alt=\"Quibd\u00f3 Los Andes\" itemprop=\"image\" height=\"300\" width=\"212\" title=\"Quibd\u00f3 Los Andes\" onerror=\"this.style.display='none'\" srcset=\"https:\/\/nextgenc.net\/wp-content\/uploads\/2025\/08\/Quibdo-Los-Andes-212x300.png 212w, https:\/\/nextgenc.net\/wp-content\/uploads\/2025\/08\/Quibdo-Los-Andes-8x12.png 8w, https:\/\/nextgenc.net\/wp-content\/uploads\/2025\/08\/Quibdo-Los-Andes.png 607w\" sizes=\"auto, (max-width: 212px) 100vw, 212px\" \/>\n\t\t\t\t<\/a>\n\t\t<h4>\n\t\tParticipaci\u00f3n\n\t<\/h4>\n\t\t<h4>\n\t\t<a href=\"https:\/\/nextgenc.net\/en\/publicaciones\/participacion-juvenil-en-quibdo\/\" title=\"Participaci\u00f3n Juvenil en Quibd\u00f3\" target=\"_self\">\n\t\tParticipaci\u00f3n Juvenil en Quibd\u00f3\n\t\t<\/a>\n\t<\/h4>\n\t<p>Friederike Fleischer, Mar\u00eda Cecilia Dedios, Luisa Fernanda Leyton, Daniel S\u00e1nchez, Ilsa Banuvi Caizamo, Julio Cesar Rodr\u00edguez y Kathleen Palacios., 2025<\/p>\n\t<p>El informe expone los resultados de la primera fase del proyecto NextGenC en Quibd\u00f3, el cual analiza la participaci\u00f3n de los j\u00f3venes y el rol de la tecnolog\u00eda en la gobernanza local mediante una metodolog\u00eda cualitativa (22 entrevistas y 14 observaciones). El estudio describe un contexto adverso marcado por ser la ciudad con mayor pobreza monetaria (60,1%) y desempleo juvenil del pa\u00eds, sumado al impacto del conflicto armado y la p\u00e9rdida de identidad \u00e9tnica. Ante esto, las juventudes afrodescendientes e ind\u00edgenas ejercen una participaci\u00f3n comunitaria colectiva fuertemente ligada a sus cosmovisiones, enfocada en la construcci\u00f3n de paz, los derechos humanos, la educaci\u00f3n y la preservaci\u00f3n cultural. Sus formas de acci\u00f3n combinan procesos de formaci\u00f3n, trabajo comunitario presencial, protestas y actividades art\u00edsticas, articul\u00e1ndose tanto en colectivos informales como en organizaciones tradicionales y plataformas institucionales.<\/p>\n\t\t\t<a href=\"https:\/\/nextgenc.net\/wp-content\/uploads\/2025\/08\/Quibdo-LOS-ANDES-Report_Youth-Comendiums-and-City-Documents.pdf\" download target=\"_self\">\n\t\t\t\t\t\t\tDownload PDF\n\t\t\t<\/a>\n\t\t\t<a href=\"https:\/\/nextgenc.net\/en\/publicaciones\/participacion-juvenil-en-quibdo\/\" target=\"_self\">\n\t\t\t\t\t\t\tRead more\n\t\t\t<\/a>\n\t\t\t\t<a href=\"https:\/\/nextgenc.net\/en\/publicaciones\/participacion-juvenil-en-manizales\/\" target=\"_self\" itemprop=\"url\">\n\t\t\t\t<img loading=\"lazy\" decoding=\"async\" src=\"https:\/\/nextgenc.net\/wp-content\/uploads\/2025\/08\/Manizales-Los-Andes-212x300.png\" alt=\"Manizales Los Andes\" itemprop=\"image\" height=\"300\" width=\"212\" title=\"Manizales Los Andes\" onerror=\"this.style.display='none'\" srcset=\"https:\/\/nextgenc.net\/wp-content\/uploads\/2025\/08\/Manizales-Los-Andes-212x300.png 212w, https:\/\/nextgenc.net\/wp-content\/uploads\/2025\/08\/Manizales-Los-Andes-768x1086.png 768w, https:\/\/nextgenc.net\/wp-content\/uploads\/2025\/08\/Manizales-Los-Andes-724x1024.png 724w, https:\/\/nextgenc.net\/wp-content\/uploads\/2025\/08\/Manizales-Los-Andes-8x12.png 8w, https:\/\/nextgenc.net\/wp-content\/uploads\/2025\/08\/Manizales-Los-Andes.png 910w\" sizes=\"auto, (max-width: 212px) 100vw, 212px\" \/>\n\t\t\t\t<\/a>\n\t\t<h4>\n\t\tParticipaci\u00f3n\n\t<\/h4>\n\t\t<h4>\n\t\t<a href=\"https:\/\/nextgenc.net\/en\/publicaciones\/participacion-juvenil-en-manizales\/\" title=\"Participaci\u00f3n Juvenil en Manizales\" target=\"_self\">\n\t\tParticipaci\u00f3n Juvenil en Manizales\n\t\t<\/a>\n\t<\/h4>\n\t<p>Friederike Fleischer, Mar\u00eda Cecilia Dedios, Luisa Fernanda Leyton, Daniel S\u00e1nchez y Jaher Ren, 2025<\/p>\n\t<p>El documento presenta los resultados de la primera fase del proyecto NextGenC en Manizales, analizando la participaci\u00f3n juvenil y el uso de la tecnolog\u00eda en la gobernanza local. A trav\u00e9s de una metodolog\u00eda cualitativa (16 entrevistas y 15 observaciones), se caracteriz\u00f3 a una poblaci\u00f3n joven inmersa en una ciudad universitaria con alta cobertura educativa pero con retos de empleo e inclusi\u00f3n. Se concluye que la participaci\u00f3n juvenil se divide entre lo institucional (Plataformas, Consejos, Gabinetes) -afectado por rivalidades pol\u00edticas y baja incidencia real- y lo no institucional (colectivos independientes), donde los j\u00f3venes buscan espacios m\u00e1s seguros, estructurados y de impacto comunitario directo.<\/p>\n\t\t\t<a href=\"https:\/\/nextgenc.net\/wp-content\/uploads\/2025\/08\/Manizales-LOS-ANDES-Report_Youth-Comendiums-and-City-Documents.pdf\" download target=\"_self\">\n\t\t\t\t\t\t\tDownload PDF\n\t\t\t<\/a>\n\t\t\t<a href=\"https:\/\/nextgenc.net\/en\/publicaciones\/participacion-juvenil-en-manizales\/\" target=\"_self\">\n\t\t\t\t\t\t\tRead more\n\t\t\t<\/a>\n\t\t\t\t<a href=\"https:\/\/nextgenc.net\/en\/publicaciones\/gobernanza-urbana-participacion-juvenil-y-tecnologia-en-cartagena-analisis-de-caso\/\" target=\"_self\" itemprop=\"url\">\n\t\t\t\t<img loading=\"lazy\" decoding=\"async\" src=\"https:\/\/nextgenc.net\/wp-content\/uploads\/2025\/07\/1_pages-to-jpg-0001-212x300.jpg\" alt=\"1_pages-to-jpg-0001\" itemprop=\"image\" height=\"300\" width=\"212\" title=\"1_pages-to-jpg-0001\" onerror=\"this.style.display='none'\" srcset=\"https:\/\/nextgenc.net\/wp-content\/uploads\/2025\/07\/1_pages-to-jpg-0001-212x300.jpg 212w, https:\/\/nextgenc.net\/wp-content\/uploads\/2025\/07\/1_pages-to-jpg-0001-768x1086.jpg 768w, https:\/\/nextgenc.net\/wp-content\/uploads\/2025\/07\/1_pages-to-jpg-0001-724x1024.jpg 724w, https:\/\/nextgenc.net\/wp-content\/uploads\/2025\/07\/1_pages-to-jpg-0001-1086x1536.jpg 1086w, https:\/\/nextgenc.net\/wp-content\/uploads\/2025\/07\/1_pages-to-jpg-0001-1448x2048.jpg 1448w, https:\/\/nextgenc.net\/wp-content\/uploads\/2025\/07\/1_pages-to-jpg-0001-8x12.jpg 8w, https:\/\/nextgenc.net\/wp-content\/uploads\/2025\/07\/1_pages-to-jpg-0001-scaled.jpg 1810w\" sizes=\"auto, (max-width: 212px) 100vw, 212px\" \/>\n\t\t\t\t<\/a>\n\t\t<h4>\n\t\tAn\u00e1lisis de caso\n\t<\/h4>\n\t\t<h4>\n\t\t<a href=\"https:\/\/nextgenc.net\/en\/publicaciones\/gobernanza-urbana-participacion-juvenil-y-tecnologia-en-cartagena-analisis-de-caso\/\" title=\"Gobernanza Urbana, Participaci\u00f3n Juvenil y Tecnolog\u00eda en Cartagena\" target=\"_self\">\n\t\tGobernanza Urbana, Participaci\u00f3n Juvenil y Tecnolog\u00eda en Cartagena\n\t\t<\/a>\n\t<\/h4>\n\t<p>Equipo NextGenC &#8211; LSE Cities, Universidad ICESI (POLIS), Universidad de los Andes, CGLU y Despacio, 2024<\/p>\n\t<p>An\u00e1lisis de las din\u00e1micas territoriales, pol\u00edticas y tecnol\u00f3gicas que inciden en la participaci\u00f3n pol\u00edtica juvenil en Cartagena. El documento examina el contexto socioecon\u00f3mico que enfrentan los j\u00f3venes -desempleo, pobreza, inseguridad y brechas digitales-, los escenarios de representaci\u00f3n pol\u00edtico-electoral, los instrumentos de pol\u00edtica p\u00fablica orientados a la juventud, y la intersecci\u00f3n entre gobernanza urbana, participaci\u00f3n juvenil y ciencia, tecnolog\u00eda e innovaci\u00f3n. Los hallazgos provienen de entrevistas, grupos focales y cartograf\u00eda social con actores institucionales y consejeros de juventud de las tres localidades del distrito.<\/p>\n\t\t\t<a href=\"https:\/\/nextgenc.net\/wp-content\/uploads\/2025\/08\/Cartagena-ICESI-Report_Urban-Governance-and-City-Documents.pdf\" download target=\"_self\">\n\t\t\t\t\t\t\tDownload PDF\n\t\t\t<\/a>\n\t\t\t<a href=\"https:\/\/nextgenc.net\/en\/publicaciones\/gobernanza-urbana-participacion-juvenil-y-tecnologia-en-cartagena-analisis-de-caso\/\" target=\"_self\">\n\t\t\t\t\t\t\tRead more\n\t\t\t<\/a>\n\t\t\t\t<a href=\"https:\/\/nextgenc.net\/en\/publicaciones\/como-cuidarnos-entre-jovenes-indigenas-frente-a-las-violencias-de-genero\/\" target=\"_self\" itemprop=\"url\">\n\t\t\t\t<img loading=\"lazy\" decoding=\"async\" src=\"https:\/\/nextgenc.net\/wp-content\/uploads\/2026\/02\/Quibdo-I-high-232x300.jpg\" alt=\"Quibd\u00f3 I high\" itemprop=\"image\" height=\"300\" width=\"232\" title=\"Quibd\u00f3 I high\" onerror=\"this.style.display='none'\" srcset=\"https:\/\/nextgenc.net\/wp-content\/uploads\/2026\/02\/Quibdo-I-high-232x300.jpg 232w, https:\/\/nextgenc.net\/wp-content\/uploads\/2026\/02\/Quibdo-I-high-9x12.jpg 9w, https:\/\/nextgenc.net\/wp-content\/uploads\/2026\/02\/Quibdo-I-high.jpg 724w\" sizes=\"auto, (max-width: 232px) 100vw, 232px\" \/>\n\t\t\t\t<\/a>\n\t\t<h4>\n\t\tGuide\n\t<\/h4>\n\t\t<h4>\n\t\t<a href=\"https:\/\/nextgenc.net\/en\/publicaciones\/como-cuidarnos-entre-jovenes-indigenas-frente-a-las-violencias-de-genero\/\" title=\"\u00bfC\u00f3mo cuidarnos entre j\u00f3venes ind\u00edgenas frente a las violencias de g\u00e9nero?\" target=\"_self\">\n\t\t\u00bfC\u00f3mo cuidarnos entre j\u00f3venes ind\u00edgenas frente a las violencias de g\u00e9nero?\n\t\t<\/a>\n\t<\/h4>\n\t<p>NextGenC, 2026<\/p>\n\t<p>Gu\u00eda desarrollada con j\u00f3venes ind\u00edgenas de Quibd\u00f3 para identificar problem\u00e1ticas relacionadas con las violencias de g\u00e9nero y recoger recomendaciones dirigidas a procesos organizativos y liderazgos juveniles. El documento aborda la prevenci\u00f3n, acompa\u00f1amiento, rutas de atenci\u00f3n, fortalecimiento comunitario, sanaci\u00f3n espiritual, participaci\u00f3n juvenil y cuidado en espacios digitales.<\/p>\n\t\t\t<a href=\"https:\/\/nextgenc.net\/wp-content\/uploads\/2026\/02\/Quibdo_juventudesindigena_FINAL.pdf\" download target=\"_self\">\n\t\t\t\t\t\t\tDownload PDF\n\t\t\t<\/a>\n\t\t\t<a href=\"https:\/\/nextgenc.net\/en\/publicaciones\/como-cuidarnos-entre-jovenes-indigenas-frente-a-las-violencias-de-genero\/\" target=\"_self\">\n\t\t\t\t\t\t\tRead more\n\t\t\t<\/a>\n\t\t\t\t<a href=\"https:\/\/nextgenc.net\/en\/publicaciones\/como-hacer-tus-iniciativas-mas-sostenibles\/\" target=\"_self\" itemprop=\"url\">\n\t\t\t\t<img loading=\"lazy\" decoding=\"async\" src=\"https:\/\/nextgenc.net\/wp-content\/uploads\/2026\/02\/Cartagena_FINAL-1_page-0001-232x300.jpg\" alt=\"Cartagena_FINAL-1_page-0001\" itemprop=\"image\" height=\"300\" width=\"232\" title=\"Cartagena_FINAL-1_page-0001\" onerror=\"this.style.display='none'\" srcset=\"https:\/\/nextgenc.net\/wp-content\/uploads\/2026\/02\/Cartagena_FINAL-1_page-0001-232x300.jpg 232w, https:\/\/nextgenc.net\/wp-content\/uploads\/2026\/02\/Cartagena_FINAL-1_page-0001-791x1024.jpg 791w, https:\/\/nextgenc.net\/wp-content\/uploads\/2026\/02\/Cartagena_FINAL-1_page-0001-768x994.jpg 768w, https:\/\/nextgenc.net\/wp-content\/uploads\/2026\/02\/Cartagena_FINAL-1_page-0001-1187x1536.jpg 1187w, https:\/\/nextgenc.net\/wp-content\/uploads\/2026\/02\/Cartagena_FINAL-1_page-0001-9x12.jpg 9w, https:\/\/nextgenc.net\/wp-content\/uploads\/2026\/02\/Cartagena_FINAL-1_page-0001.jpg 1275w\" sizes=\"auto, (max-width: 232px) 100vw, 232px\" \/>\n\t\t\t\t<\/a>\n\t\t<h4>\n\t\tGuide\n\t<\/h4>\n\t\t<h4>\n\t\t<a href=\"https:\/\/nextgenc.net\/en\/publicaciones\/como-hacer-tus-iniciativas-mas-sostenibles\/\" title=\"\u00bfC\u00f3mo hacer tus iniciativas m\u00e1s sostenibles?\" target=\"_self\">\n\t\t\u00bfC\u00f3mo hacer tus iniciativas m\u00e1s sostenibles?\n\t\t<\/a>\n\t<\/h4>\n\t<p>NextGenC, 2026<\/p>\n\t<p>Gu\u00eda creada a partir de conversaciones con j\u00f3venes de Cartagena sobre los retos que enfrentan sus iniciativas juveniles y recomendaciones para fortalecerlas. El documento aborda la gesti\u00f3n de recursos, sostenibilidad de proyectos, construcci\u00f3n de redes y alianzas, financiaci\u00f3n, formaci\u00f3n, liderazgo, participaci\u00f3n comunitaria y uso estrat\u00e9gico de redes sociales.<\/p>\n\t\t\t<a href=\"https:\/\/nextgenc.net\/wp-content\/uploads\/2026\/02\/Cartagena_FINAL.pdf\" download target=\"_self\">\n\t\t\t\t\t\t\tDownload PDF\n\t\t\t<\/a>\n\t\t\t<a href=\"https:\/\/nextgenc.net\/en\/publicaciones\/como-hacer-tus-iniciativas-mas-sostenibles\/\" target=\"_self\">\n\t\t\t\t\t\t\tRead more\n\t\t\t<\/a>\n\t\t\t\t<a href=\"https:\/\/nextgenc.net\/en\/publicaciones\/tecnologia-e-innovacion-en-cartagena-manizales-y-quibdo-por-que-la-tecnologia-e-innovacion-es-un-tema-relevante-para-los-gobiernos-locales\/\" target=\"_self\" itemprop=\"url\">\n\t\t\t\t<img loading=\"lazy\" decoding=\"async\" src=\"https:\/\/nextgenc.net\/wp-content\/uploads\/2026\/01\/NGC-Tecnologia-WEB-212x300.png\" alt=\"NGC Tecnolog\u00eda WEB\" itemprop=\"image\" height=\"300\" width=\"212\" title=\"NGC Tecnolog\u00eda WEB\" onerror=\"this.style.display='none'\" srcset=\"https:\/\/nextgenc.net\/wp-content\/uploads\/2026\/01\/NGC-Tecnologia-WEB-212x300.png 212w, https:\/\/nextgenc.net\/wp-content\/uploads\/2026\/01\/NGC-Tecnologia-WEB-8x12.png 8w, https:\/\/nextgenc.net\/wp-content\/uploads\/2026\/01\/NGC-Tecnologia-WEB.png 724w\" sizes=\"auto, (max-width: 212px) 100vw, 212px\" \/>\n\t\t\t\t<\/a>\n\t\t<h4>\n\t\tParticipaci\u00f3n\n\t<\/h4>\n\t\t<h4>\n\t\t<a href=\"https:\/\/nextgenc.net\/en\/publicaciones\/tecnologia-e-innovacion-en-cartagena-manizales-y-quibdo-por-que-la-tecnologia-e-innovacion-es-un-tema-relevante-para-los-gobiernos-locales\/\" title=\"Tecnolog\u00eda e innovaci\u00f3n en Cartagena, Manizales y Quibd\u00f3 \u00bfPor qu\u00e9 la tecnolog\u00eda e innovaci\u00f3n es un tema relevante para los gobiernos locales?\" target=\"_self\">\n\t\tTecnolog\u00eda e innovaci\u00f3n en Cartagena, Manizales y Quibd\u00f3 \u00bfPor qu\u00e9 la tecnolog\u00eda e innovaci\u00f3n es un tema relevante para los gobiernos locales?\n\t\t<\/a>\n\t<\/h4>\n\t<p>Equipo NextGenC &#8211; LSE Cities, Universidad ICESI (POLIS), Universidad de los Andes, CGLU y Despacio, 2024<\/p>\n\t<p>An\u00e1lisis comparativo de la relaci\u00f3n entre tecnolog\u00eda, innovaci\u00f3n y participaci\u00f3n pol\u00edtica juvenil en Cartagena, Manizales y Quibd\u00f3. El documento examina c\u00f3mo las brechas digitales y las condiciones socioecon\u00f3micas limitan el acceso tecnol\u00f3gico juvenil, la formulaci\u00f3n de pol\u00edticas p\u00fablicas de Ciencia, Tecnolog\u00eda e Innovaci\u00f3n (CTeI), la fragmentaci\u00f3n institucional y el potencial desaprovechado de las herramientas digitales para la participaci\u00f3n ciudadana. Los hallazgos provienen de 50 entrevistas, grupos focales y cartograf\u00eda social con actores institucionales y juveniles. El estudio evidencia que la exclusi\u00f3n digital, la desarticulaci\u00f3n entre pol\u00edticas de CTeI y juventud, y la falta de presupuestos e indicadores limitan el ejercicio pleno de la ciudadan\u00eda digital juvenil en las tres ciudades.<\/p>\n\t\t\t<a href=\"https:\/\/nextgenc.net\/wp-content\/uploads\/2026\/01\/Policy-Brief-Tecnologia-digital-NextGenC-20251219-1.pdf\" download target=\"_self\">\n\t\t\t\t\t\t\tDownload PDF\n\t\t\t<\/a>\n\t\t\t<a href=\"https:\/\/nextgenc.net\/en\/publicaciones\/tecnologia-e-innovacion-en-cartagena-manizales-y-quibdo-por-que-la-tecnologia-e-innovacion-es-un-tema-relevante-para-los-gobiernos-locales\/\" target=\"_self\">\n\t\t\t\t\t\t\tRead more\n\t\t\t<\/a>\n\t\t\t\t<a href=\"https:\/\/nextgenc.net\/en\/publicaciones\/urban-governance-from-global-concepts-to-regional-realities\/\" target=\"_self\" itemprop=\"url\">\n\t\t\t\t<img loading=\"lazy\" decoding=\"async\" src=\"https:\/\/nextgenc.net\/wp-content\/uploads\/2026\/06\/10-188x300.png\" alt=\"10\" itemprop=\"image\" height=\"300\" width=\"188\" title=\"10\" onerror=\"this.style.display='none'\" srcset=\"https:\/\/nextgenc.net\/wp-content\/uploads\/2026\/06\/10-188x300.png 188w, https:\/\/nextgenc.net\/wp-content\/uploads\/2026\/06\/10-642x1024.png 642w, https:\/\/nextgenc.net\/wp-content\/uploads\/2026\/06\/10-768x1226.png 768w, https:\/\/nextgenc.net\/wp-content\/uploads\/2026\/06\/10-963x1536.png 963w, https:\/\/nextgenc.net\/wp-content\/uploads\/2026\/06\/10-1283x2048.png 1283w, https:\/\/nextgenc.net\/wp-content\/uploads\/2026\/06\/10-8x12.png 8w, https:\/\/nextgenc.net\/wp-content\/uploads\/2026\/06\/10.png 1410w\" sizes=\"auto, (max-width: 188px) 100vw, 188px\" \/>\n\t\t\t\t<\/a>\n\t\t<h4>\n\t\tResumen\n\t<\/h4>\n\t\t<h4>\n\t\t<a href=\"https:\/\/nextgenc.net\/en\/publicaciones\/urban-governance-from-global-concepts-to-regional-realities\/\" title=\"Urban Governance: From Global Concepts to Regional Realities\" target=\"_self\">\n\t\tUrban Governance: From Global Concepts to Regional Realities\n\t\t<\/a>\n\t<\/h4>\n\t<p>Lina Mart\u00ednez Mar\u00eda, Isabel Zafra Mar\u00eda y Mar\u00eda Fernanda Alomia, 2024<\/p>\n\t<p>Revisi\u00f3n de los conceptos de gobernanza urbana -descentralizaci\u00f3n, participaci\u00f3n y gobernanza inteligente- a escala global y en Am\u00e9rica Latina, con \u00e9nfasis en Colombia. El documento muestra que la descentralizaci\u00f3n ha transformado profundamente la gobernanza local en la regi\u00f3n, aunque con resultados desiguales: ha ampliado la participaci\u00f3n ciudadana pero tambi\u00e9n ha profundizado debilidades institucionales, inequidades territoriales y la desconfianza en el Estado. Las ciudades intermedias, que albergan el 32% de la poblaci\u00f3n regional, enfrentan retos particulares de capacidad fiscal, participaci\u00f3n y adopci\u00f3n tecnol\u00f3gica. En Colombia, estos desaf\u00edos se agudizan por el conflicto armado y el proceso de paz. La incorporaci\u00f3n de tecnolog\u00eda en la gobernanza urbana es a\u00fan incipiente y concentrada en las grandes ciudades, evidenciando una brecha digital y de capacidades que limita la participaci\u00f3n ciudadana digital en territorios intermedios.<\/p>\n\t\t\t<a href=\"https:\/\/nextgenc.net\/wp-content\/uploads\/2026\/06\/5.1-Martinez-et-al-2024-Urban-Governance-From-global-concepts-to-regional-realities.pdf\" download target=\"_self\">\n\t\t\t\t\t\t\tDownload PDF\n\t\t\t<\/a>\n\t\t\t<a href=\"https:\/\/nextgenc.net\/en\/publicaciones\/urban-governance-from-global-concepts-to-regional-realities\/\" target=\"_self\">\n\t\t\t\t\t\t\tRead more\n\t\t\t<\/a>\n\t\t\t\t<a href=\"https:\/\/nextgenc.net\/en\/publicaciones\/youth-political-participation-and-technology-in-latin-american-and-colombia\/\" target=\"_self\" itemprop=\"url\">\n\t\t\t\t<img loading=\"lazy\" decoding=\"async\" src=\"https:\/\/nextgenc.net\/wp-content\/uploads\/2026\/06\/4-188x300.png\" alt=\"4\" itemprop=\"image\" height=\"300\" width=\"188\" title=\"4\" onerror=\"this.style.display='none'\" srcset=\"https:\/\/nextgenc.net\/wp-content\/uploads\/2026\/06\/4-188x300.png 188w, https:\/\/nextgenc.net\/wp-content\/uploads\/2026\/06\/4-642x1024.png 642w, https:\/\/nextgenc.net\/wp-content\/uploads\/2026\/06\/4-768x1226.png 768w, https:\/\/nextgenc.net\/wp-content\/uploads\/2026\/06\/4-963x1536.png 963w, https:\/\/nextgenc.net\/wp-content\/uploads\/2026\/06\/4-1283x2048.png 1283w, https:\/\/nextgenc.net\/wp-content\/uploads\/2026\/06\/4-8x12.png 8w, https:\/\/nextgenc.net\/wp-content\/uploads\/2026\/06\/4.png 1410w\" sizes=\"auto, (max-width: 188px) 100vw, 188px\" \/>\n\t\t\t\t<\/a>\n\t\t<h4>\n\t\tResumen\n\t<\/h4>\n\t\t<h4>\n\t\t<a href=\"https:\/\/nextgenc.net\/en\/publicaciones\/youth-political-participation-and-technology-in-latin-american-and-colombia\/\" title=\"Youth, (Political) Participation, and Technology in Latin American and Colombia\" target=\"_self\">\n\t\tYouth, (Political) Participation, and Technology in Latin American and Colombia\n\t\t<\/a>\n\t<\/h4>\n\t<p>Fleischer, Dedios Sanguineti, Delgado Martinez, Sanchez Vega, Moncaleano Arboleda, Universidad de los Andes, 2024<\/p>\n\t<p>El art\u00edculo presenta una revisi\u00f3n de la literatura acad\u00e9mica sobre la participaci\u00f3n juvenil, la pol\u00edtica y sus conexiones con la tecnolog\u00eda y el activismo en Am\u00e9rica Latina y Colombia. El texto se\u00f1ala que las formas actuales de participaci\u00f3n se dan en espacios no tradicionales, caracterizados por una organizaci\u00f3n horizontal, la toma de decisiones de abajo hacia arriba y un papel creciente de la tecnolog\u00eda. Adem\u00e1s, se identifica ac\u00e1 vac\u00edos en la investigaci\u00f3n actual, tales como la falta de estudios en ciudades intermedias o peque\u00f1as, la ausencia de un enfoque decolonial e interseccional, y el an\u00e1lisis limitado del rol de la tecnolog\u00eda en el activismo.<\/p>\n\t\t\t<a href=\"https:\/\/nextgenc.net\/wp-content\/uploads\/2026\/06\/2.1-Fleischer-Dedios-et-al-2024-Youth-Political-Participation-and-Technology-in-Latin-America-and-Colombia.pdf\" download target=\"_self\">\n\t\t\t\t\t\t\tDownload PDF\n\t\t\t<\/a>\n\t\t\t<a href=\"https:\/\/nextgenc.net\/en\/publicaciones\/youth-political-participation-and-technology-in-latin-american-and-colombia\/\" target=\"_self\">\n\t\t\t\t\t\t\tRead more\n\t\t\t<\/a>\n\t\t\t\t<a href=\"https:\/\/nextgenc.net\/en\/publicaciones\/estudio-jovenes-en-sociedad\/\" target=\"_self\" itemprop=\"url\">\n\t\t\t\t<img loading=\"lazy\" decoding=\"async\" src=\"https:\/\/nextgenc.net\/wp-content\/uploads\/2026\/01\/195-25-Resultados-estudio-Jovenes-en-Sociedad-V1.pdf-724-x-1024-px-212x300.png\" alt=\"195-25 Resultados estudio J\u00f3venes en Sociedad V1.pdf (724 x 1024 px)\" itemprop=\"image\" height=\"300\" width=\"212\" title=\"195-25 Resultados estudio J\u00f3venes en Sociedad V1.pdf (724 x 1024 px)\" onerror=\"this.style.display='none'\" srcset=\"https:\/\/nextgenc.net\/wp-content\/uploads\/2026\/01\/195-25-Resultados-estudio-Jovenes-en-Sociedad-V1.pdf-724-x-1024-px-212x300.png 212w, https:\/\/nextgenc.net\/wp-content\/uploads\/2026\/01\/195-25-Resultados-estudio-Jovenes-en-Sociedad-V1.pdf-724-x-1024-px-8x12.png 8w, https:\/\/nextgenc.net\/wp-content\/uploads\/2026\/01\/195-25-Resultados-estudio-Jovenes-en-Sociedad-V1.pdf-724-x-1024-px.png 724w\" sizes=\"auto, (max-width: 212px) 100vw, 212px\" \/>\n\t\t\t\t<\/a>\n\t\t<h4>\n\t\tEstudio\n\t<\/h4>\n\t\t<h4>\n\t\t<a href=\"https:\/\/nextgenc.net\/en\/publicaciones\/estudio-jovenes-en-sociedad\/\" title=\"Estudio Jovenes en Sociedad\" target=\"_self\">\n\t\tEstudio Jovenes en Sociedad\n\t\t<\/a>\n\t<\/h4>\n\t<p>Cifras y Conceptos, Fundaci\u00f3n Corona, LSE, Next Gen C, Fundaci\u00f3n Bolivar Davivienda, El Tiempo, 2026<\/p>\n\t<p>El estudio analiza las percepciones, opiniones y comportamientos de los j\u00f3venes en Colombia frente a temas como democracia, gobierno nacional, participaci\u00f3n pol\u00edtica y elecciones 2026, educaci\u00f3n, mercado laboral, participaci\u00f3n digital, nuevas juventudes y emociones. La investigaci\u00f3n recoge informaci\u00f3n sobre las condiciones sociodemogr\u00e1ficas, preocupaciones principales y formas de participaci\u00f3n social y pol\u00edtica de los j\u00f3venes.<\/p>\n\t\t\t<a href=\"https:\/\/nextgenc.net\/wp-content\/uploads\/2026\/01\/195-25-Resultados-estudio-Jovenes-en-Sociedad-V1.pdf\" download target=\"_self\">\n\t\t\t\t\t\t\tDownload PDF\n\t\t\t<\/a>\n\t\t\t<a href=\"https:\/\/nextgenc.net\/en\/publicaciones\/estudio-jovenes-en-sociedad\/\" target=\"_self\">\n\t\t\t\t\t\t\tRead more\n\t\t\t<\/a>\n\t\t\t\t<a href=\"https:\/\/nextgenc.net\/en\/publicaciones\/participacion-juvenil-en-cartagena\/\" target=\"_self\" itemprop=\"url\">\n\t\t\t\t<img loading=\"lazy\" decoding=\"async\" src=\"https:\/\/nextgenc.net\/wp-content\/uploads\/2025\/07\/2_page-0001-212x300.jpg\" alt=\"2_page-0001\" itemprop=\"image\" height=\"300\" width=\"212\" title=\"2_page-0001\" onerror=\"this.style.display='none'\" srcset=\"https:\/\/nextgenc.net\/wp-content\/uploads\/2025\/07\/2_page-0001-212x300.jpg 212w, https:\/\/nextgenc.net\/wp-content\/uploads\/2025\/07\/2_page-0001-768x1086.jpg 768w, https:\/\/nextgenc.net\/wp-content\/uploads\/2025\/07\/2_page-0001-724x1024.jpg 724w, https:\/\/nextgenc.net\/wp-content\/uploads\/2025\/07\/2_page-0001-1086x1536.jpg 1086w, https:\/\/nextgenc.net\/wp-content\/uploads\/2025\/07\/2_page-0001-8x12.jpg 8w, https:\/\/nextgenc.net\/wp-content\/uploads\/2025\/07\/2_page-0001.jpg 1241w\" sizes=\"auto, (max-width: 212px) 100vw, 212px\" \/>\n\t\t\t\t<\/a>\n\t\t<h4>\n\t\tParticipaci\u00f3n\n\t<\/h4>\n\t\t<h4>\n\t\t<a href=\"https:\/\/nextgenc.net\/en\/publicaciones\/participacion-juvenil-en-cartagena\/\" title=\"Participaci\u00f3n Juvenil en Cartagena\" target=\"_self\">\n\t\tParticipaci\u00f3n Juvenil en Cartagena\n\t\t<\/a>\n\t<\/h4>\n\t<p>Friederike Fleischer, Mar\u00eda Cecilia Dedios, Luisa Fernanda Leyton, Daniel S\u00e1nchez, e Isamar Julio, 2025<\/p>\n\t<p>Este documento presenta los resultados de la primera fase del proyecto NextGenC, enfocado en analizar la participaci\u00f3n juvenil y el papel mediador de la tecnolog\u00eda en la gobernanza de ciudades intermedias en Colombia. En una etapa inicial, se realiz\u00f3 un mapeo del panorama de participaci\u00f3n juvenil en estas ciudades con el objetivo de identificar la diversidad de organizaciones, grupos, colectivos y liderazgos presentes en cada territorio. A partir de este mapeo, se dise\u00f1\u00f3 e implement\u00f3 una metodolog\u00eda cualitativa basada en entrevistas semiestructuradas y observaci\u00f3n participante, dirigida a actores juveniles involucrados en procesos de participaci\u00f3n local. Para aplicar estos instrumentos, se cont\u00f3 con la colaboraci\u00f3n de investigadores j\u00f3venes y locales, cuya participaci\u00f3n permiti\u00f3 un acompa\u00f1amiento m\u00e1s cercano y enriqueci\u00f3 la recolecci\u00f3n de informaci\u00f3n.<\/p>\n\t\t\t<a href=\"https:\/\/nextgenc.net\/wp-content\/uploads\/2025\/08\/Cartagena-LOS-ANDES-Report_Youth-Comendiums-and-City-Documents.pdf\" download target=\"_self\">\n\t\t\t\t\t\t\tDownload PDF\n\t\t\t<\/a>\n\t\t\t<a href=\"https:\/\/nextgenc.net\/en\/publicaciones\/participacion-juvenil-en-cartagena\/\" target=\"_self\">\n\t\t\t\t\t\t\tRead more\n\t\t\t<\/a>\n\t\t\t\t<a href=\"https:\/\/nextgenc.net\/en\/publicaciones\/gobernanza-urbana-participacion-juvenil-y-tecnologia-en-quibdo-analisis-de-caso\/\" target=\"_self\" itemprop=\"url\">\n\t\t\t\t<img loading=\"lazy\" decoding=\"async\" src=\"https:\/\/nextgenc.net\/wp-content\/uploads\/2025\/08\/Quibdo-ICESI-212x300.png\" alt=\"Quibd\u00f3 ICESI\" itemprop=\"image\" height=\"300\" width=\"212\" title=\"Quibd\u00f3 ICESI\" onerror=\"this.style.display='none'\" srcset=\"https:\/\/nextgenc.net\/wp-content\/uploads\/2025\/08\/Quibdo-ICESI-212x300.png 212w, https:\/\/nextgenc.net\/wp-content\/uploads\/2025\/08\/Quibdo-ICESI-768x1089.png 768w, https:\/\/nextgenc.net\/wp-content\/uploads\/2025\/08\/Quibdo-ICESI-722x1024.png 722w, https:\/\/nextgenc.net\/wp-content\/uploads\/2025\/08\/Quibdo-ICESI-8x12.png 8w, https:\/\/nextgenc.net\/wp-content\/uploads\/2025\/08\/Quibdo-ICESI.png 907w\" sizes=\"auto, (max-width: 212px) 100vw, 212px\" \/>\n\t\t\t\t<\/a>\n\t\t<h4>\n\t\tAn\u00e1lisis de caso\n\t<\/h4>\n\t\t<h4>\n\t\t<a href=\"https:\/\/nextgenc.net\/en\/publicaciones\/gobernanza-urbana-participacion-juvenil-y-tecnologia-en-quibdo-analisis-de-caso\/\" title=\"Gobernanza Urbana, Participaci\u00f3n Juvenil y Tecnolog\u00eda en Quibd\u00f3\" target=\"_self\">\n\t\tGobernanza Urbana, Participaci\u00f3n Juvenil y Tecnolog\u00eda en Quibd\u00f3\n\t\t<\/a>\n\t<\/h4>\n\t<p>Equipo NextGenC &#8211; LSE Cities, Universidad ICESI (POLIS), Universidad de los Andes, CGLU y Despacio, 2024<\/p>\n\t<p>An\u00e1lisis de las din\u00e1micas territoriales, pol\u00edticas, sociales y tecnol\u00f3gicas que inciden en la participaci\u00f3n pol\u00edtica juvenil en Quibd\u00f3. El documento examina el contexto socioecon\u00f3mico -pobreza, desempleo, inseguridad y brechas digitales-, los escenarios de representaci\u00f3n pol\u00edtico-electoral, los instrumentos de pol\u00edtica p\u00fablica orientados a la juventud y la tecnolog\u00eda, y la intersecci\u00f3n entre gobernanza, participaci\u00f3n juvenil y ciencia e innovaci\u00f3n. Los hallazgos provienen de entrevistas, grupos focales y cartograf\u00eda social con actores institucionales y consejeros de juventud. El estudio evidencia una brecha entre el reconocimiento normativo de los j\u00f3venes y las condiciones estructurales para su participaci\u00f3n efectiva.<\/p>\n\t\t\t<a href=\"https:\/\/nextgenc.net\/wp-content\/uploads\/2025\/08\/Quibdo-ICESI-Report_Urban-Governance-and-City-Documents.pdf\" download target=\"_self\">\n\t\t\t\t\t\t\tDownload PDF\n\t\t\t<\/a>\n\t\t\t<a href=\"https:\/\/nextgenc.net\/en\/publicaciones\/gobernanza-urbana-participacion-juvenil-y-tecnologia-en-quibdo-analisis-de-caso\/\" target=\"_self\">\n\t\t\t\t\t\t\tRead more\n\t\t\t<\/a>\n\t\t\t\t<a href=\"https:\/\/nextgenc.net\/en\/publicaciones\/gobernanza-urbana-participacion-juvenil-y-tecnologia-en-manizales-analisis-de-caso\/\" target=\"_self\" itemprop=\"url\">\n\t\t\t\t<img loading=\"lazy\" decoding=\"async\" src=\"https:\/\/nextgenc.net\/wp-content\/uploads\/2025\/08\/Manizales-ICESI-212x300.png\" alt=\"Manizales ICESI\" itemprop=\"image\" height=\"300\" width=\"212\" title=\"Manizales ICESI\" onerror=\"this.style.display='none'\" srcset=\"https:\/\/nextgenc.net\/wp-content\/uploads\/2025\/08\/Manizales-ICESI-212x300.png 212w, https:\/\/nextgenc.net\/wp-content\/uploads\/2025\/08\/Manizales-ICESI-8x12.png 8w, https:\/\/nextgenc.net\/wp-content\/uploads\/2025\/08\/Manizales-ICESI.png 659w\" sizes=\"auto, (max-width: 212px) 100vw, 212px\" \/>\n\t\t\t\t<\/a>\n\t\t<h4>\n\t\tAn\u00e1lisis de caso\n\t<\/h4>\n\t\t<h4>\n\t\t<a href=\"https:\/\/nextgenc.net\/en\/publicaciones\/gobernanza-urbana-participacion-juvenil-y-tecnologia-en-manizales-analisis-de-caso\/\" title=\"Gobernanza Urbana, Participaci\u00f3n Juvenil y Tecnolog\u00eda en Manizales\" target=\"_self\">\n\t\tGobernanza Urbana, Participaci\u00f3n Juvenil y Tecnolog\u00eda en Manizales\n\t\t<\/a>\n\t<\/h4>\n\t<p>Equipo NextGenC &#8211; LSE Cities, Universidad ICESI (POLIS), Universidad de los Andes, CGLU y Despacio, 2024<\/p>\n\t<p>An\u00e1lisis de las din\u00e1micas territoriales, pol\u00edticas, sociales y tecnol\u00f3gicas que inciden en la participaci\u00f3n pol\u00edtica juvenil en Manizales. El documento examina el contexto socioecon\u00f3mico que enfrentan los j\u00f3venes -desempleo, brechas educativas y de salud mental-, los escenarios de representaci\u00f3n pol\u00edtico-electoral, los instrumentos de pol\u00edtica p\u00fablica orientados a la juventud y la tecnolog\u00eda, y la intersecci\u00f3n entre gobernanza, participaci\u00f3n juvenil y ciencia e innovaci\u00f3n. Los hallazgos provienen de 24 entrevistas, grupos focales y cartograf\u00eda social con actores institucionales, acad\u00e9micos y consejeros de juventud. El estudio evidencia una tensi\u00f3n entre el reconocimiento normativo de los j\u00f3venes y las condiciones estructurales que limitan su participaci\u00f3n efectiva.<\/p>\n\t\t\t<a href=\"https:\/\/nextgenc.net\/wp-content\/uploads\/2025\/08\/Manizales-ICESI-Report_Urban-Governance-and-City-Documents.pdf\" download target=\"_self\">\n\t\t\t\t\t\t\tDownload PDF\n\t\t\t<\/a>\n\t\t\t<a href=\"https:\/\/nextgenc.net\/en\/publicaciones\/gobernanza-urbana-participacion-juvenil-y-tecnologia-en-manizales-analisis-de-caso\/\" target=\"_self\">\n\t\t\t\t\t\t\tRead more\n\t\t\t<\/a>\n\t\t\t\t<a href=\"https:\/\/nextgenc.net\/en\/publicaciones\/como-fortalecer-tu-proceso-juvenil-en-quibdo\/\" target=\"_self\" itemprop=\"url\">\n\t\t\t\t<img loading=\"lazy\" decoding=\"async\" src=\"https:\/\/nextgenc.net\/wp-content\/uploads\/2026\/02\/Quibdo_juventudes_afroFINAL-1_page-0001-1-232x300.jpg\" alt=\"Quibdo_juventudes_afroFINAL-1_page-0001\" itemprop=\"image\" height=\"300\" width=\"232\" title=\"Quibdo_juventudes_afroFINAL-1_page-0001\" onerror=\"this.style.display='none'\" srcset=\"https:\/\/nextgenc.net\/wp-content\/uploads\/2026\/02\/Quibdo_juventudes_afroFINAL-1_page-0001-1-232x300.jpg 232w, https:\/\/nextgenc.net\/wp-content\/uploads\/2026\/02\/Quibdo_juventudes_afroFINAL-1_page-0001-1-9x12.jpg 9w, https:\/\/nextgenc.net\/wp-content\/uploads\/2026\/02\/Quibdo_juventudes_afroFINAL-1_page-0001-1.jpg 724w\" sizes=\"auto, (max-width: 232px) 100vw, 232px\" \/>\n\t\t\t\t<\/a>\n\t\t<h4>\n\t\tGuide\n\t<\/h4>\n\t\t<h4>\n\t\t<a href=\"https:\/\/nextgenc.net\/en\/publicaciones\/como-fortalecer-tu-proceso-juvenil-en-quibdo\/\" title=\"\u00bfC\u00f3mo fortalecer tu proceso juvenil en Quibd\u00f3?\" target=\"_self\">\n\t\t\u00bfC\u00f3mo fortalecer tu proceso juvenil en Quibd\u00f3?\n\t\t<\/a>\n\t<\/h4>\n\t<p>NextGenC, 2026<\/p>\n\t<p>Gu\u00eda elaborada a partir de conversaciones con j\u00f3venes de Quibd\u00f3 sobre los retos y oportunidades de fortalecer procesos juveniles. El documento aborda la sostenibilidad de organizaciones juveniles, formaci\u00f3n, liderazgo, b\u00fasqueda de oportunidades, participaci\u00f3n, creaci\u00f3n de redes, acceso a convocatorias y herramientas para consolidar iniciativas juveniles.<\/p>\n\t\t\t<a href=\"https:\/\/nextgenc.net\/wp-content\/uploads\/2026\/02\/Quibdo_juventudes_afroFINAL.pdf\" download target=\"_self\">\n\t\t\t\t\t\t\tDownload PDF\n\t\t\t<\/a>\n\t\t\t<a href=\"https:\/\/nextgenc.net\/en\/publicaciones\/como-fortalecer-tu-proceso-juvenil-en-quibdo\/\" target=\"_self\">\n\t\t\t\t\t\t\tRead more\n\t\t\t<\/a>\n\t\t\t\t<a href=\"https:\/\/nextgenc.net\/en\/publicaciones\/como-acompanarnos-entre-jovenes-en-temas-de-salud-mental-manizales\/\" target=\"_self\" itemprop=\"url\">\n\t\t\t\t<img loading=\"lazy\" decoding=\"async\" src=\"https:\/\/nextgenc.net\/wp-content\/uploads\/2026\/02\/Manizales_FINAL-1_page-0001-232x300.jpg\" alt=\"Manizales_FINAL-1_page-0001\" itemprop=\"image\" height=\"300\" width=\"232\" title=\"Manizales_FINAL-1_page-0001\" onerror=\"this.style.display='none'\" srcset=\"https:\/\/nextgenc.net\/wp-content\/uploads\/2026\/02\/Manizales_FINAL-1_page-0001-232x300.jpg 232w, https:\/\/nextgenc.net\/wp-content\/uploads\/2026\/02\/Manizales_FINAL-1_page-0001-9x12.jpg 9w, https:\/\/nextgenc.net\/wp-content\/uploads\/2026\/02\/Manizales_FINAL-1_page-0001.jpg 724w\" sizes=\"auto, (max-width: 232px) 100vw, 232px\" \/>\n\t\t\t\t<\/a>\n\t\t<h4>\n\t\tGuide\n\t<\/h4>\n\t\t<h4>\n\t\t<a href=\"https:\/\/nextgenc.net\/en\/publicaciones\/como-acompanarnos-entre-jovenes-en-temas-de-salud-mental-manizales\/\" title=\"How Can We Support One Another as Young People When It Comes to Mental Health? - Manizales\" target=\"_self\">\n\t\t\u00bfC\u00f3mo acompa\u00f1arnos entre j\u00f3venes en temas de salud mental? &#8211; Manizales\n\t\t<\/a>\n\t<\/h4>\n\t<p>NextGenC, 2026<\/p>\n\t<p>Gu\u00eda dirigida a j\u00f3venes de Manizales sobre acompa\u00f1amiento, cuidado y orientaci\u00f3n en temas de salud mental. Recoge experiencias, problemas identificados por j\u00f3venes y recomendaciones para fortalecer redes de apoyo, liderazgo juvenil, autocuidado, acceso a rutas de atenci\u00f3n y bienestar emocional. la falta de presupuestos e indicadores limitan el ejercicio pleno de la ciudadan\u00eda digital juvenil en las tres ciudades.<\/p>\n\t\t\t<a href=\"https:\/\/nextgenc.net\/wp-content\/uploads\/2026\/02\/Manizales_FINAL.pdf\" download target=\"_self\">\n\t\t\t\t\t\t\tDownload PDF\n\t\t\t<\/a>\n\t\t\t<a href=\"https:\/\/nextgenc.net\/en\/publicaciones\/como-acompanarnos-entre-jovenes-en-temas-de-salud-mental-manizales\/\" target=\"_self\">\n\t\t\t\t\t\t\tRead more\n\t\t\t<\/a>\n\t\t\t\t<a href=\"https:\/\/nextgenc.net\/en\/publicaciones\/participacion-ciudadana-en-cartagena-manizales-y-quibdopor-que-la-participacion-juvenil-es-un-tema-relevante-para-los-gobiernos-locales\/\" target=\"_self\" itemprop=\"url\">\n\t\t\t\t<img loading=\"lazy\" decoding=\"async\" src=\"https:\/\/nextgenc.net\/wp-content\/uploads\/2026\/01\/NGC-Participacion-WEB-212x300.png\" alt=\"NGC Participaci\u00f3n WEB\" itemprop=\"image\" height=\"300\" width=\"212\" title=\"NGC Participaci\u00f3n WEB\" onerror=\"this.style.display='none'\" srcset=\"https:\/\/nextgenc.net\/wp-content\/uploads\/2026\/01\/NGC-Participacion-WEB-212x300.png 212w, https:\/\/nextgenc.net\/wp-content\/uploads\/2026\/01\/NGC-Participacion-WEB-8x12.png 8w, https:\/\/nextgenc.net\/wp-content\/uploads\/2026\/01\/NGC-Participacion-WEB.png 724w\" sizes=\"auto, (max-width: 212px) 100vw, 212px\" \/>\n\t\t\t\t<\/a>\n\t\t<h4>\n\t\tParticipaci\u00f3n\n\t<\/h4>\n\t\t<h4>\n\t\t<a href=\"https:\/\/nextgenc.net\/en\/publicaciones\/participacion-ciudadana-en-cartagena-manizales-y-quibdopor-que-la-participacion-juvenil-es-un-tema-relevante-para-los-gobiernos-locales\/\" title=\"Participaci\u00f3n ciudadana en Cartagena, Manizales y Quibd\u00f3\u00bfPor qu\u00e9 la participaci\u00f3n juvenil es un tema relevante para los gobiernos locales?\" target=\"_self\">\n\t\tParticipaci\u00f3n ciudadana en Cartagena, Manizales y Quibd\u00f3\u00bfPor qu\u00e9 la participaci\u00f3n juvenil es un tema relevante para los gobiernos locales?\n\t\t<\/a>\n\t<\/h4>\n\t<p>Equipo NextGenC &#8211; LSE Cities, Universidad ICESI (POLIS), Universidad de los Andes, CGLU y Despacio, 2024<\/p>\n\t<p>An\u00e1lisis comparativo de los factores que condicionan la participaci\u00f3n pol\u00edtica juvenil en Cartagena, Manizales y Quibd\u00f3. El documento examina c\u00f3mo las condiciones socioecon\u00f3micas -pobreza, desempleo, inseguridad y salud mental- limitan el ejercicio de la ciudadan\u00eda juvenil; la existencia y efectividad de los mecanismos institucionales de participaci\u00f3n; la fragmentaci\u00f3n y discontinuidad de las pol\u00edticas y programas; y la tensi\u00f3n entre el reconocimiento simb\u00f3lico de las juventudes y la ausencia de respaldo institucional suficiente. Los hallazgos provienen de 50 entrevistas, grupos focales y cartograf\u00eda social con actores institucionales y juveniles. El estudio evidencia que, pese a los avances normativos, persisten barreras estructurales que reducen la participaci\u00f3n juvenil a espacios simb\u00f3licos con escasa incidencia real.<\/p>\n\t\t\t<a href=\"https:\/\/nextgenc.net\/wp-content\/uploads\/2026\/01\/Policy-Brief-Participacion-Politica-NextGenC-20251219.pdf\" download target=\"_self\">\n\t\t\t\t\t\t\tDownload PDF\n\t\t\t<\/a>\n\t\t\t<a href=\"https:\/\/nextgenc.net\/en\/publicaciones\/participacion-ciudadana-en-cartagena-manizales-y-quibdopor-que-la-participacion-juvenil-es-un-tema-relevante-para-los-gobiernos-locales\/\" target=\"_self\">\n\t\t\t\t\t\t\tRead more\n\t\t\t<\/a>\n\t\t\t\t<a href=\"https:\/\/nextgenc.net\/en\/publicaciones\/nextgenc-literature-scan-review-of-international-organisations-literature\/\" target=\"_self\" itemprop=\"url\">\n\t\t\t\t<img loading=\"lazy\" decoding=\"async\" src=\"https:\/\/nextgenc.net\/wp-content\/uploads\/2026\/06\/8-188x300.png\" alt=\"8\" itemprop=\"image\" height=\"300\" width=\"188\" title=\"8\" onerror=\"this.style.display='none'\" srcset=\"https:\/\/nextgenc.net\/wp-content\/uploads\/2026\/06\/8-188x300.png 188w, https:\/\/nextgenc.net\/wp-content\/uploads\/2026\/06\/8-642x1024.png 642w, https:\/\/nextgenc.net\/wp-content\/uploads\/2026\/06\/8-768x1226.png 768w, https:\/\/nextgenc.net\/wp-content\/uploads\/2026\/06\/8-963x1536.png 963w, https:\/\/nextgenc.net\/wp-content\/uploads\/2026\/06\/8-1283x2048.png 1283w, https:\/\/nextgenc.net\/wp-content\/uploads\/2026\/06\/8-8x12.png 8w, https:\/\/nextgenc.net\/wp-content\/uploads\/2026\/06\/8.png 1410w\" sizes=\"auto, (max-width: 188px) 100vw, 188px\" \/>\n\t\t\t\t<\/a>\n\t\t<h4>\n\t\tResumen\n\t<\/h4>\n\t\t<h4>\n\t\t<a href=\"https:\/\/nextgenc.net\/en\/publicaciones\/nextgenc-literature-scan-review-of-international-organisations-literature\/\" title=\"NextGenC Literature Scan: Review of International Organisations Literature\" target=\"_self\">\n\t\tNextGenC Literature Scan: Review of International Organisations Literature\n\t\t<\/a>\n\t<\/h4>\n\t<p>LSE Cities, 2024<\/p>\n\t<p>Revisi\u00f3n de publicaciones de organizaciones internacionales -OCDE, ONU-H\u00e1bitat, Banco Mundial, USAID y BID- sobre gobernanza urbana, juventud y tecnolog\u00eda. El documento identifica los principales desaf\u00edos socioecon\u00f3micos que enfrentan los j\u00f3venes urbanos, incluyendo desempleo, pobreza y subrepresentaci\u00f3n pol\u00edtica, y examina soluciones basadas en tecnolog\u00eda digital para ampliar su participaci\u00f3n en la gobernanza. Se destacan iniciativas de ciudades inteligentes centradas en las personas, presupuestos participativos digitales y marcos de pol\u00edtica p\u00fablica orientados al emprendimiento juvenil y la equidad intergeneracional.<\/p>\n\t\t\t<a href=\"https:\/\/nextgenc.net\/wp-content\/uploads\/2026\/06\/4-LSE-Cities-2024-NextGenC-Review-of-International-Organisations-Literature.pdf\" download target=\"_self\">\n\t\t\t\t\t\t\tDownload PDF\n\t\t\t<\/a>\n\t\t\t<a href=\"https:\/\/nextgenc.net\/en\/publicaciones\/nextgenc-literature-scan-review-of-international-organisations-literature\/\" target=\"_self\">\n\t\t\t\t\t\t\tRead more\n\t\t\t<\/a>\n\t\t\t\t<a href=\"https:\/\/nextgenc.net\/en\/publicaciones\/next-generation-urban-governance-a-systematic-review\/\" target=\"_self\" itemprop=\"url\">\n\t\t\t\t<img loading=\"lazy\" decoding=\"async\" src=\"https:\/\/nextgenc.net\/wp-content\/uploads\/2026\/06\/2-188x300.png\" alt=\"2\" itemprop=\"image\" height=\"300\" width=\"188\" title=\"2\" onerror=\"this.style.display='none'\" srcset=\"https:\/\/nextgenc.net\/wp-content\/uploads\/2026\/06\/2-188x300.png 188w, https:\/\/nextgenc.net\/wp-content\/uploads\/2026\/06\/2-642x1024.png 642w, https:\/\/nextgenc.net\/wp-content\/uploads\/2026\/06\/2-768x1226.png 768w, https:\/\/nextgenc.net\/wp-content\/uploads\/2026\/06\/2-963x1536.png 963w, https:\/\/nextgenc.net\/wp-content\/uploads\/2026\/06\/2-1283x2048.png 1283w, https:\/\/nextgenc.net\/wp-content\/uploads\/2026\/06\/2-8x12.png 8w, https:\/\/nextgenc.net\/wp-content\/uploads\/2026\/06\/2.png 1410w\" sizes=\"auto, (max-width: 188px) 100vw, 188px\" \/>\n\t\t\t\t<\/a>\n\t\t<h4>\n\t\tResumen\n\t<\/h4>\n\t\t<h4>\n\t\t<a href=\"https:\/\/nextgenc.net\/en\/publicaciones\/next-generation-urban-governance-a-systematic-review\/\" title=\"Next Generation Urban Governance: A Systematic Review\" target=\"_self\">\n\t\tNext Generation Urban Governance: A Systematic Review\n\t\t<\/a>\n\t<\/h4>\n\t<p>Nuno F. da Cruz y Philipp Rode, 2024<\/p>\n\t<p>Revisi\u00f3n sistem\u00e1tica de literatura acad\u00e9mica sobre la intersecci\u00f3n entre gobernanza urbana, participaci\u00f3n juvenil y tecnolog\u00eda digital. El documento analiza 62 publicaciones identificadas en Web of Science, de las cuales 13 son altamente relevantes para el proyecto NextGenC. Los hallazgos revelan una producci\u00f3n acad\u00e9mica escasa y reciente, concentrada en el Norte Global, y confirman el potencial del proyecto para llenar vac\u00edos en ciudades intermedias de Colombia y Am\u00e9rica Latina desde una perspectiva de ciencias sociales.<\/p>\n\t\t\t<a href=\"https:\/\/nextgenc.net\/wp-content\/uploads\/2026\/06\/1-da-Cruz-and-Rode-2024-Next-Generation-Urban-Governance-Systematic-Review.pdf\" download target=\"_self\">\n\t\t\t\t\t\t\tDownload PDF\n\t\t\t<\/a>\n\t\t\t<a href=\"https:\/\/nextgenc.net\/en\/publicaciones\/next-generation-urban-governance-a-systematic-review\/\" target=\"_self\">\n\t\t\t\t\t\t\tRead more\n\t\t\t<\/a>\n\t\t\t\t<a href=\"https:\/\/nextgenc.net\/en\/publicaciones\/digital-technologies-and-the-political-participation-of-urban-youth-a-global-review\/\" target=\"_self\" itemprop=\"url\">\n\t\t\t\t<img loading=\"lazy\" decoding=\"async\" src=\"https:\/\/nextgenc.net\/wp-content\/uploads\/2026\/06\/6-188x300.png\" alt=\"6\" itemprop=\"image\" height=\"300\" width=\"188\" title=\"6\" onerror=\"this.style.display='none'\" srcset=\"https:\/\/nextgenc.net\/wp-content\/uploads\/2026\/06\/6-188x300.png 188w, https:\/\/nextgenc.net\/wp-content\/uploads\/2026\/06\/6-642x1024.png 642w, https:\/\/nextgenc.net\/wp-content\/uploads\/2026\/06\/6-768x1226.png 768w, https:\/\/nextgenc.net\/wp-content\/uploads\/2026\/06\/6-963x1536.png 963w, https:\/\/nextgenc.net\/wp-content\/uploads\/2026\/06\/6-1283x2048.png 1283w, https:\/\/nextgenc.net\/wp-content\/uploads\/2026\/06\/6-8x12.png 8w, https:\/\/nextgenc.net\/wp-content\/uploads\/2026\/06\/6.png 1410w\" sizes=\"auto, (max-width: 188px) 100vw, 188px\" \/>\n\t\t\t\t<\/a>\n\t\t<h4>\n\t\tResumen\n\t<\/h4>\n\t\t<h4>\n\t\t<a href=\"https:\/\/nextgenc.net\/en\/publicaciones\/digital-technologies-and-the-political-participation-of-urban-youth-a-global-review\/\" title=\"Digital Technologies and the Political Participation of Urban Youth: a global review\" target=\"_self\">\n\t\tDigital Technologies and the Political Participation of Urban Youth: a global review\n\t\t<\/a>\n\t<\/h4>\n\t<p>Imogen Hamilton-Jones, Philipp Rode y Andres Lombana Bermudez., 2024<\/p>\n\t<p>El documento examina c\u00f3mo las herramientas digitales reconfiguran la participaci\u00f3n pol\u00edtica de los j\u00f3venes en entornos urbanos globales, concluyendo que lo digital y lo presencial est\u00e1n interconectados de forma fluida en las ciudades. Clasifica las tecnolog\u00edas en tres categor\u00edas (redes sociales de j\u00f3venes, herramientas comunitarias de coproducci\u00f3n e iniciativas de e-participaci\u00f3n gubernamental) y analiza los niveles de compromiso (organizaci\u00f3n, contribuci\u00f3n y seguimiento). El texto destaca riesgos como las burbujas algor\u00edtmicas y la represi\u00f3n estatal, e identifica vac\u00edos en la investigaci\u00f3n actual, tales como el exceso de foco en redes sociales, la falta de una perspectiva urbana f\u00edsica y un fuerte desequilibrio geogr\u00e1fico que ignora al Sur Global.<\/p>\n\t\t\t<a href=\"https:\/\/nextgenc.net\/wp-content\/uploads\/2026\/06\/3-Hamilton-Jones-et-al-2024-Digital-Technologies-and-Urban-Youth-Participation.pdf\" download target=\"_self\">\n\t\t\t\t\t\t\tDownload PDF\n\t\t\t<\/a>\n\t\t\t<a href=\"https:\/\/nextgenc.net\/en\/publicaciones\/digital-technologies-and-the-political-participation-of-urban-youth-a-global-review\/\" target=\"_self\">\n\t\t\t\t\t\t\tRead more\n\t\t\t<\/a>\n\t\t\t\t\t\t\tQuibd\u00f3\n\t\t\t\t<a href=\"https:\/\/nextgenc.net\/en\/publicaciones\/participacion-juvenil-en-quibdo\/\" target=\"_self\" itemprop=\"url\">\n\t\t\t\t<img loading=\"lazy\" decoding=\"async\" src=\"https:\/\/nextgenc.net\/wp-content\/uploads\/2025\/08\/Quibdo-Los-Andes-212x300.png\" alt=\"Quibd\u00f3 Los Andes\" itemprop=\"image\" height=\"300\" width=\"212\" title=\"Quibd\u00f3 Los Andes\" onerror=\"this.style.display='none'\" srcset=\"https:\/\/nextgenc.net\/wp-content\/uploads\/2025\/08\/Quibdo-Los-Andes-212x300.png 212w, https:\/\/nextgenc.net\/wp-content\/uploads\/2025\/08\/Quibdo-Los-Andes-8x12.png 8w, https:\/\/nextgenc.net\/wp-content\/uploads\/2025\/08\/Quibdo-Los-Andes.png 607w\" sizes=\"auto, (max-width: 212px) 100vw, 212px\" \/>\n\t\t\t\t<\/a>\n\t\t<h4>\n\t\tParticipaci\u00f3n\n\t<\/h4>\n\t\t<h4>\n\t\t<a href=\"https:\/\/nextgenc.net\/en\/publicaciones\/participacion-juvenil-en-quibdo\/\" title=\"Participaci\u00f3n Juvenil en Quibd\u00f3\" target=\"_self\">\n\t\tParticipaci\u00f3n Juvenil en Quibd\u00f3\n\t\t<\/a>\n\t<\/h4>\n\t<p>Friederike Fleischer, Mar\u00eda Cecilia Dedios, Luisa Fernanda Leyton, Daniel S\u00e1nchez, Ilsa Banuvi Caizamo, Julio Cesar Rodr\u00edguez y Kathleen Palacios., 2025<\/p>\n\t<p>El informe expone los resultados de la primera fase del proyecto NextGenC en Quibd\u00f3, el cual analiza la participaci\u00f3n de los j\u00f3venes y el rol de la tecnolog\u00eda en la gobernanza local mediante una metodolog\u00eda cualitativa (22 entrevistas y 14 observaciones). El estudio describe un contexto adverso marcado por ser la ciudad con mayor pobreza monetaria (60,1%) y desempleo juvenil del pa\u00eds, sumado al impacto del conflicto armado y la p\u00e9rdida de identidad \u00e9tnica. Ante esto, las juventudes afrodescendientes e ind\u00edgenas ejercen una participaci\u00f3n comunitaria colectiva fuertemente ligada a sus cosmovisiones, enfocada en la construcci\u00f3n de paz, los derechos humanos, la educaci\u00f3n y la preservaci\u00f3n cultural. Sus formas de acci\u00f3n combinan procesos de formaci\u00f3n, trabajo comunitario presencial, protestas y actividades art\u00edsticas, articul\u00e1ndose tanto en colectivos informales como en organizaciones tradicionales y plataformas institucionales.<\/p>\n\t\t\t<a href=\"https:\/\/nextgenc.net\/wp-content\/uploads\/2025\/08\/Quibdo-LOS-ANDES-Report_Youth-Comendiums-and-City-Documents.pdf\" download target=\"_self\">\n\t\t\t\t\t\t\tDownload PDF\n\t\t\t<\/a>\n\t\t\t<a href=\"https:\/\/nextgenc.net\/en\/publicaciones\/participacion-juvenil-en-quibdo\/\" target=\"_self\">\n\t\t\t\t\t\t\tRead more\n\t\t\t<\/a>\n\t\t\t\t<a href=\"https:\/\/nextgenc.net\/en\/publicaciones\/como-cuidarnos-entre-jovenes-indigenas-frente-a-las-violencias-de-genero\/\" target=\"_self\" itemprop=\"url\">\n\t\t\t\t<img loading=\"lazy\" decoding=\"async\" src=\"https:\/\/nextgenc.net\/wp-content\/uploads\/2026\/02\/Quibdo-I-high-232x300.jpg\" alt=\"Quibd\u00f3 I high\" itemprop=\"image\" height=\"300\" width=\"232\" title=\"Quibd\u00f3 I high\" onerror=\"this.style.display='none'\" srcset=\"https:\/\/nextgenc.net\/wp-content\/uploads\/2026\/02\/Quibdo-I-high-232x300.jpg 232w, https:\/\/nextgenc.net\/wp-content\/uploads\/2026\/02\/Quibdo-I-high-9x12.jpg 9w, https:\/\/nextgenc.net\/wp-content\/uploads\/2026\/02\/Quibdo-I-high.jpg 724w\" sizes=\"auto, (max-width: 232px) 100vw, 232px\" \/>\n\t\t\t\t<\/a>\n\t\t<h4>\n\t\tGuide\n\t<\/h4>\n\t\t<h4>\n\t\t<a href=\"https:\/\/nextgenc.net\/en\/publicaciones\/como-cuidarnos-entre-jovenes-indigenas-frente-a-las-violencias-de-genero\/\" title=\"\u00bfC\u00f3mo cuidarnos entre j\u00f3venes ind\u00edgenas frente a las violencias de g\u00e9nero?\" target=\"_self\">\n\t\t\u00bfC\u00f3mo cuidarnos entre j\u00f3venes ind\u00edgenas frente a las violencias de g\u00e9nero?\n\t\t<\/a>\n\t<\/h4>\n\t<p>NextGenC, 2026<\/p>\n\t<p>Gu\u00eda desarrollada con j\u00f3venes ind\u00edgenas de Quibd\u00f3 para identificar problem\u00e1ticas relacionadas con las violencias de g\u00e9nero y recoger recomendaciones dirigidas a procesos organizativos y liderazgos juveniles. El documento aborda la prevenci\u00f3n, acompa\u00f1amiento, rutas de atenci\u00f3n, fortalecimiento comunitario, sanaci\u00f3n espiritual, participaci\u00f3n juvenil y cuidado en espacios digitales.<\/p>\n\t\t\t<a href=\"https:\/\/nextgenc.net\/wp-content\/uploads\/2026\/02\/Quibdo_juventudesindigena_FINAL.pdf\" download target=\"_self\">\n\t\t\t\t\t\t\tDownload PDF\n\t\t\t<\/a>\n\t\t\t<a href=\"https:\/\/nextgenc.net\/en\/publicaciones\/como-cuidarnos-entre-jovenes-indigenas-frente-a-las-violencias-de-genero\/\" target=\"_self\">\n\t\t\t\t\t\t\tRead more\n\t\t\t<\/a>\n\t\t\t\t<a href=\"https:\/\/nextgenc.net\/en\/publicaciones\/tecnologia-e-innovacion-en-cartagena-manizales-y-quibdo-por-que-la-tecnologia-e-innovacion-es-un-tema-relevante-para-los-gobiernos-locales\/\" target=\"_self\" itemprop=\"url\">\n\t\t\t\t<img loading=\"lazy\" decoding=\"async\" src=\"https:\/\/nextgenc.net\/wp-content\/uploads\/2026\/01\/NGC-Tecnologia-WEB-212x300.png\" alt=\"NGC Tecnolog\u00eda WEB\" itemprop=\"image\" height=\"300\" width=\"212\" title=\"NGC Tecnolog\u00eda WEB\" onerror=\"this.style.display='none'\" srcset=\"https:\/\/nextgenc.net\/wp-content\/uploads\/2026\/01\/NGC-Tecnologia-WEB-212x300.png 212w, https:\/\/nextgenc.net\/wp-content\/uploads\/2026\/01\/NGC-Tecnologia-WEB-8x12.png 8w, https:\/\/nextgenc.net\/wp-content\/uploads\/2026\/01\/NGC-Tecnologia-WEB.png 724w\" sizes=\"auto, (max-width: 212px) 100vw, 212px\" \/>\n\t\t\t\t<\/a>\n\t\t<h4>\n\t\tParticipaci\u00f3n\n\t<\/h4>\n\t\t<h4>\n\t\t<a href=\"https:\/\/nextgenc.net\/en\/publicaciones\/tecnologia-e-innovacion-en-cartagena-manizales-y-quibdo-por-que-la-tecnologia-e-innovacion-es-un-tema-relevante-para-los-gobiernos-locales\/\" title=\"Tecnolog\u00eda e innovaci\u00f3n en Cartagena, Manizales y Quibd\u00f3 \u00bfPor qu\u00e9 la tecnolog\u00eda e innovaci\u00f3n es un tema relevante para los gobiernos locales?\" target=\"_self\">\n\t\tTecnolog\u00eda e innovaci\u00f3n en Cartagena, Manizales y Quibd\u00f3 \u00bfPor qu\u00e9 la tecnolog\u00eda e innovaci\u00f3n es un tema relevante para los gobiernos locales?\n\t\t<\/a>\n\t<\/h4>\n\t<p>Equipo NextGenC &#8211; LSE Cities, Universidad ICESI (POLIS), Universidad de los Andes, CGLU y Despacio, 2024<\/p>\n\t<p>An\u00e1lisis comparativo de la relaci\u00f3n entre tecnolog\u00eda, innovaci\u00f3n y participaci\u00f3n pol\u00edtica juvenil en Cartagena, Manizales y Quibd\u00f3. El documento examina c\u00f3mo las brechas digitales y las condiciones socioecon\u00f3micas limitan el acceso tecnol\u00f3gico juvenil, la formulaci\u00f3n de pol\u00edticas p\u00fablicas de Ciencia, Tecnolog\u00eda e Innovaci\u00f3n (CTeI), la fragmentaci\u00f3n institucional y el potencial desaprovechado de las herramientas digitales para la participaci\u00f3n ciudadana. Los hallazgos provienen de 50 entrevistas, grupos focales y cartograf\u00eda social con actores institucionales y juveniles. El estudio evidencia que la exclusi\u00f3n digital, la desarticulaci\u00f3n entre pol\u00edticas de CTeI y juventud, y la falta de presupuestos e indicadores limitan el ejercicio pleno de la ciudadan\u00eda digital juvenil en las tres ciudades.<\/p>\n\t\t\t<a href=\"https:\/\/nextgenc.net\/wp-content\/uploads\/2026\/01\/Policy-Brief-Tecnologia-digital-NextGenC-20251219-1.pdf\" download target=\"_self\">\n\t\t\t\t\t\t\tDownload PDF\n\t\t\t<\/a>\n\t\t\t<a href=\"https:\/\/nextgenc.net\/en\/publicaciones\/tecnologia-e-innovacion-en-cartagena-manizales-y-quibdo-por-que-la-tecnologia-e-innovacion-es-un-tema-relevante-para-los-gobiernos-locales\/\" target=\"_self\">\n\t\t\t\t\t\t\tRead more\n\t\t\t<\/a>\n\t\t\t\t<a href=\"https:\/\/nextgenc.net\/en\/publicaciones\/gobernanza-urbana-participacion-juvenil-y-tecnologia-en-quibdo-analisis-de-caso\/\" target=\"_self\" itemprop=\"url\">\n\t\t\t\t<img loading=\"lazy\" decoding=\"async\" src=\"https:\/\/nextgenc.net\/wp-content\/uploads\/2025\/08\/Quibdo-ICESI-212x300.png\" alt=\"Quibd\u00f3 ICESI\" itemprop=\"image\" height=\"300\" width=\"212\" title=\"Quibd\u00f3 ICESI\" onerror=\"this.style.display='none'\" srcset=\"https:\/\/nextgenc.net\/wp-content\/uploads\/2025\/08\/Quibdo-ICESI-212x300.png 212w, https:\/\/nextgenc.net\/wp-content\/uploads\/2025\/08\/Quibdo-ICESI-768x1089.png 768w, https:\/\/nextgenc.net\/wp-content\/uploads\/2025\/08\/Quibdo-ICESI-722x1024.png 722w, https:\/\/nextgenc.net\/wp-content\/uploads\/2025\/08\/Quibdo-ICESI-8x12.png 8w, https:\/\/nextgenc.net\/wp-content\/uploads\/2025\/08\/Quibdo-ICESI.png 907w\" sizes=\"auto, (max-width: 212px) 100vw, 212px\" \/>\n\t\t\t\t<\/a>\n\t\t<h4>\n\t\tAn\u00e1lisis de caso\n\t<\/h4>\n\t\t<h4>\n\t\t<a href=\"https:\/\/nextgenc.net\/en\/publicaciones\/gobernanza-urbana-participacion-juvenil-y-tecnologia-en-quibdo-analisis-de-caso\/\" title=\"Gobernanza Urbana, Participaci\u00f3n Juvenil y Tecnolog\u00eda en Quibd\u00f3\" target=\"_self\">\n\t\tGobernanza Urbana, Participaci\u00f3n Juvenil y Tecnolog\u00eda en Quibd\u00f3\n\t\t<\/a>\n\t<\/h4>\n\t<p>Equipo NextGenC &#8211; LSE Cities, Universidad ICESI (POLIS), Universidad de los Andes, CGLU y Despacio, 2024<\/p>\n\t<p>An\u00e1lisis de las din\u00e1micas territoriales, pol\u00edticas, sociales y tecnol\u00f3gicas que inciden en la participaci\u00f3n pol\u00edtica juvenil en Quibd\u00f3. El documento examina el contexto socioecon\u00f3mico -pobreza, desempleo, inseguridad y brechas digitales-, los escenarios de representaci\u00f3n pol\u00edtico-electoral, los instrumentos de pol\u00edtica p\u00fablica orientados a la juventud y la tecnolog\u00eda, y la intersecci\u00f3n entre gobernanza, participaci\u00f3n juvenil y ciencia e innovaci\u00f3n. Los hallazgos provienen de entrevistas, grupos focales y cartograf\u00eda social con actores institucionales y consejeros de juventud. El estudio evidencia una brecha entre el reconocimiento normativo de los j\u00f3venes y las condiciones estructurales para su participaci\u00f3n efectiva.<\/p>\n\t\t\t<a href=\"https:\/\/nextgenc.net\/wp-content\/uploads\/2025\/08\/Quibdo-ICESI-Report_Urban-Governance-and-City-Documents.pdf\" download target=\"_self\">\n\t\t\t\t\t\t\tDownload PDF\n\t\t\t<\/a>\n\t\t\t<a href=\"https:\/\/nextgenc.net\/en\/publicaciones\/gobernanza-urbana-participacion-juvenil-y-tecnologia-en-quibdo-analisis-de-caso\/\" target=\"_self\">\n\t\t\t\t\t\t\tRead more\n\t\t\t<\/a>\n\t\t\t\t<a href=\"https:\/\/nextgenc.net\/en\/publicaciones\/como-fortalecer-tu-proceso-juvenil-en-quibdo\/\" target=\"_self\" itemprop=\"url\">\n\t\t\t\t<img loading=\"lazy\" decoding=\"async\" src=\"https:\/\/nextgenc.net\/wp-content\/uploads\/2026\/02\/Quibdo_juventudes_afroFINAL-1_page-0001-1-232x300.jpg\" alt=\"Quibdo_juventudes_afroFINAL-1_page-0001\" itemprop=\"image\" height=\"300\" width=\"232\" title=\"Quibdo_juventudes_afroFINAL-1_page-0001\" onerror=\"this.style.display='none'\" srcset=\"https:\/\/nextgenc.net\/wp-content\/uploads\/2026\/02\/Quibdo_juventudes_afroFINAL-1_page-0001-1-232x300.jpg 232w, https:\/\/nextgenc.net\/wp-content\/uploads\/2026\/02\/Quibdo_juventudes_afroFINAL-1_page-0001-1-9x12.jpg 9w, https:\/\/nextgenc.net\/wp-content\/uploads\/2026\/02\/Quibdo_juventudes_afroFINAL-1_page-0001-1.jpg 724w\" sizes=\"auto, (max-width: 232px) 100vw, 232px\" \/>\n\t\t\t\t<\/a>\n\t\t<h4>\n\t\tGuide\n\t<\/h4>\n\t\t<h4>\n\t\t<a href=\"https:\/\/nextgenc.net\/en\/publicaciones\/como-fortalecer-tu-proceso-juvenil-en-quibdo\/\" title=\"\u00bfC\u00f3mo fortalecer tu proceso juvenil en Quibd\u00f3?\" target=\"_self\">\n\t\t\u00bfC\u00f3mo fortalecer tu proceso juvenil en Quibd\u00f3?\n\t\t<\/a>\n\t<\/h4>\n\t<p>NextGenC, 2026<\/p>\n\t<p>Gu\u00eda elaborada a partir de conversaciones con j\u00f3venes de Quibd\u00f3 sobre los retos y oportunidades de fortalecer procesos juveniles. El documento aborda la sostenibilidad de organizaciones juveniles, formaci\u00f3n, liderazgo, b\u00fasqueda de oportunidades, participaci\u00f3n, creaci\u00f3n de redes, acceso a convocatorias y herramientas para consolidar iniciativas juveniles.<\/p>\n\t\t\t<a href=\"https:\/\/nextgenc.net\/wp-content\/uploads\/2026\/02\/Quibdo_juventudes_afroFINAL.pdf\" download target=\"_self\">\n\t\t\t\t\t\t\tDownload PDF\n\t\t\t<\/a>\n\t\t\t<a href=\"https:\/\/nextgenc.net\/en\/publicaciones\/como-fortalecer-tu-proceso-juvenil-en-quibdo\/\" target=\"_self\">\n\t\t\t\t\t\t\tRead more\n\t\t\t<\/a>\n\t\t\t\t<a href=\"https:\/\/nextgenc.net\/en\/publicaciones\/participacion-ciudadana-en-cartagena-manizales-y-quibdopor-que-la-participacion-juvenil-es-un-tema-relevante-para-los-gobiernos-locales\/\" target=\"_self\" itemprop=\"url\">\n\t\t\t\t<img loading=\"lazy\" decoding=\"async\" src=\"https:\/\/nextgenc.net\/wp-content\/uploads\/2026\/01\/NGC-Participacion-WEB-212x300.png\" alt=\"NGC Participaci\u00f3n WEB\" itemprop=\"image\" height=\"300\" width=\"212\" title=\"NGC Participaci\u00f3n WEB\" onerror=\"this.style.display='none'\" srcset=\"https:\/\/nextgenc.net\/wp-content\/uploads\/2026\/01\/NGC-Participacion-WEB-212x300.png 212w, https:\/\/nextgenc.net\/wp-content\/uploads\/2026\/01\/NGC-Participacion-WEB-8x12.png 8w, https:\/\/nextgenc.net\/wp-content\/uploads\/2026\/01\/NGC-Participacion-WEB.png 724w\" sizes=\"auto, (max-width: 212px) 100vw, 212px\" \/>\n\t\t\t\t<\/a>\n\t\t<h4>\n\t\tParticipaci\u00f3n\n\t<\/h4>\n\t\t<h4>\n\t\t<a href=\"https:\/\/nextgenc.net\/en\/publicaciones\/participacion-ciudadana-en-cartagena-manizales-y-quibdopor-que-la-participacion-juvenil-es-un-tema-relevante-para-los-gobiernos-locales\/\" title=\"Participaci\u00f3n ciudadana en Cartagena, Manizales y Quibd\u00f3\u00bfPor qu\u00e9 la participaci\u00f3n juvenil es un tema relevante para los gobiernos locales?\" target=\"_self\">\n\t\tParticipaci\u00f3n ciudadana en Cartagena, Manizales y Quibd\u00f3\u00bfPor qu\u00e9 la participaci\u00f3n juvenil es un tema relevante para los gobiernos locales?\n\t\t<\/a>\n\t<\/h4>\n\t<p>Equipo NextGenC &#8211; LSE Cities, Universidad ICESI (POLIS), Universidad de los Andes, CGLU y Despacio, 2024<\/p>\n\t<p>An\u00e1lisis comparativo de los factores que condicionan la participaci\u00f3n pol\u00edtica juvenil en Cartagena, Manizales y Quibd\u00f3. El documento examina c\u00f3mo las condiciones socioecon\u00f3micas -pobreza, desempleo, inseguridad y salud mental- limitan el ejercicio de la ciudadan\u00eda juvenil; la existencia y efectividad de los mecanismos institucionales de participaci\u00f3n; la fragmentaci\u00f3n y discontinuidad de las pol\u00edticas y programas; y la tensi\u00f3n entre el reconocimiento simb\u00f3lico de las juventudes y la ausencia de respaldo institucional suficiente. Los hallazgos provienen de 50 entrevistas, grupos focales y cartograf\u00eda social con actores institucionales y juveniles. El estudio evidencia que, pese a los avances normativos, persisten barreras estructurales que reducen la participaci\u00f3n juvenil a espacios simb\u00f3licos con escasa incidencia real.<\/p>\n\t\t\t<a href=\"https:\/\/nextgenc.net\/wp-content\/uploads\/2026\/01\/Policy-Brief-Participacion-Politica-NextGenC-20251219.pdf\" download target=\"_self\">\n\t\t\t\t\t\t\tDownload PDF\n\t\t\t<\/a>\n\t\t\t<a href=\"https:\/\/nextgenc.net\/en\/publicaciones\/participacion-ciudadana-en-cartagena-manizales-y-quibdopor-que-la-participacion-juvenil-es-un-tema-relevante-para-los-gobiernos-locales\/\" target=\"_self\">\n\t\t\t\t\t\t\tRead more\n\t\t\t<\/a>\n\t\t\t\t\t\t\tCartagena\n\t\t\t\t<a href=\"https:\/\/nextgenc.net\/en\/publicaciones\/participacion-juvenil-en-cartagena\/\" target=\"_self\" itemprop=\"url\">\n\t\t\t\t<img loading=\"lazy\" decoding=\"async\" src=\"https:\/\/nextgenc.net\/wp-content\/uploads\/2025\/07\/2_page-0001-212x300.jpg\" alt=\"2_page-0001\" itemprop=\"image\" height=\"300\" width=\"212\" title=\"2_page-0001\" onerror=\"this.style.display='none'\" srcset=\"https:\/\/nextgenc.net\/wp-content\/uploads\/2025\/07\/2_page-0001-212x300.jpg 212w, https:\/\/nextgenc.net\/wp-content\/uploads\/2025\/07\/2_page-0001-768x1086.jpg 768w, https:\/\/nextgenc.net\/wp-content\/uploads\/2025\/07\/2_page-0001-724x1024.jpg 724w, https:\/\/nextgenc.net\/wp-content\/uploads\/2025\/07\/2_page-0001-1086x1536.jpg 1086w, https:\/\/nextgenc.net\/wp-content\/uploads\/2025\/07\/2_page-0001-8x12.jpg 8w, https:\/\/nextgenc.net\/wp-content\/uploads\/2025\/07\/2_page-0001.jpg 1241w\" sizes=\"auto, (max-width: 212px) 100vw, 212px\" \/>\n\t\t\t\t<\/a>\n\t\t<h4>\n\t\tParticipaci\u00f3n\n\t<\/h4>\n\t\t<h4>\n\t\t<a href=\"https:\/\/nextgenc.net\/en\/publicaciones\/participacion-juvenil-en-cartagena\/\" title=\"Participaci\u00f3n Juvenil en Cartagena\" target=\"_self\">\n\t\tParticipaci\u00f3n Juvenil en Cartagena\n\t\t<\/a>\n\t<\/h4>\n\t<p>Friederike Fleischer, Mar\u00eda Cecilia Dedios, Luisa Fernanda Leyton, Daniel S\u00e1nchez, e Isamar Julio, 2025<\/p>\n\t<p>Este documento presenta los resultados de la primera fase del proyecto NextGenC, enfocado en analizar la participaci\u00f3n juvenil y el papel mediador de la tecnolog\u00eda en la gobernanza de ciudades intermedias en Colombia. En una etapa inicial, se realiz\u00f3 un mapeo del panorama de participaci\u00f3n juvenil en estas ciudades con el objetivo de identificar la diversidad de organizaciones, grupos, colectivos y liderazgos presentes en cada territorio. A partir de este mapeo, se dise\u00f1\u00f3 e implement\u00f3 una metodolog\u00eda cualitativa basada en entrevistas semiestructuradas y observaci\u00f3n participante, dirigida a actores juveniles involucrados en procesos de participaci\u00f3n local. Para aplicar estos instrumentos, se cont\u00f3 con la colaboraci\u00f3n de investigadores j\u00f3venes y locales, cuya participaci\u00f3n permiti\u00f3 un acompa\u00f1amiento m\u00e1s cercano y enriqueci\u00f3 la recolecci\u00f3n de informaci\u00f3n.<\/p>\n\t\t\t<a href=\"https:\/\/nextgenc.net\/wp-content\/uploads\/2025\/08\/Cartagena-LOS-ANDES-Report_Youth-Comendiums-and-City-Documents.pdf\" download target=\"_self\">\n\t\t\t\t\t\t\tDownload PDF\n\t\t\t<\/a>\n\t\t\t<a href=\"https:\/\/nextgenc.net\/en\/publicaciones\/participacion-juvenil-en-cartagena\/\" target=\"_self\">\n\t\t\t\t\t\t\tRead more\n\t\t\t<\/a>\n\t\t\t\t<a href=\"https:\/\/nextgenc.net\/en\/publicaciones\/como-hacer-tus-iniciativas-mas-sostenibles\/\" target=\"_self\" itemprop=\"url\">\n\t\t\t\t<img loading=\"lazy\" decoding=\"async\" src=\"https:\/\/nextgenc.net\/wp-content\/uploads\/2026\/02\/Cartagena_FINAL-1_page-0001-232x300.jpg\" alt=\"Cartagena_FINAL-1_page-0001\" itemprop=\"image\" height=\"300\" width=\"232\" title=\"Cartagena_FINAL-1_page-0001\" onerror=\"this.style.display='none'\" srcset=\"https:\/\/nextgenc.net\/wp-content\/uploads\/2026\/02\/Cartagena_FINAL-1_page-0001-232x300.jpg 232w, https:\/\/nextgenc.net\/wp-content\/uploads\/2026\/02\/Cartagena_FINAL-1_page-0001-791x1024.jpg 791w, https:\/\/nextgenc.net\/wp-content\/uploads\/2026\/02\/Cartagena_FINAL-1_page-0001-768x994.jpg 768w, https:\/\/nextgenc.net\/wp-content\/uploads\/2026\/02\/Cartagena_FINAL-1_page-0001-1187x1536.jpg 1187w, https:\/\/nextgenc.net\/wp-content\/uploads\/2026\/02\/Cartagena_FINAL-1_page-0001-9x12.jpg 9w, https:\/\/nextgenc.net\/wp-content\/uploads\/2026\/02\/Cartagena_FINAL-1_page-0001.jpg 1275w\" sizes=\"auto, (max-width: 232px) 100vw, 232px\" \/>\n\t\t\t\t<\/a>\n\t\t<h4>\n\t\tGuide\n\t<\/h4>\n\t\t<h4>\n\t\t<a href=\"https:\/\/nextgenc.net\/en\/publicaciones\/como-hacer-tus-iniciativas-mas-sostenibles\/\" title=\"\u00bfC\u00f3mo hacer tus iniciativas m\u00e1s sostenibles?\" target=\"_self\">\n\t\t\u00bfC\u00f3mo hacer tus iniciativas m\u00e1s sostenibles?\n\t\t<\/a>\n\t<\/h4>\n\t<p>NextGenC, 2026<\/p>\n\t<p>Gu\u00eda creada a partir de conversaciones con j\u00f3venes de Cartagena sobre los retos que enfrentan sus iniciativas juveniles y recomendaciones para fortalecerlas. El documento aborda la gesti\u00f3n de recursos, sostenibilidad de proyectos, construcci\u00f3n de redes y alianzas, financiaci\u00f3n, formaci\u00f3n, liderazgo, participaci\u00f3n comunitaria y uso estrat\u00e9gico de redes sociales.<\/p>\n\t\t\t<a href=\"https:\/\/nextgenc.net\/wp-content\/uploads\/2026\/02\/Cartagena_FINAL.pdf\" download target=\"_self\">\n\t\t\t\t\t\t\tDownload PDF\n\t\t\t<\/a>\n\t\t\t<a href=\"https:\/\/nextgenc.net\/en\/publicaciones\/como-hacer-tus-iniciativas-mas-sostenibles\/\" target=\"_self\">\n\t\t\t\t\t\t\tRead more\n\t\t\t<\/a>\n\t\t\t\t<a href=\"https:\/\/nextgenc.net\/en\/publicaciones\/tecnologia-e-innovacion-en-cartagena-manizales-y-quibdo-por-que-la-tecnologia-e-innovacion-es-un-tema-relevante-para-los-gobiernos-locales\/\" target=\"_self\" itemprop=\"url\">\n\t\t\t\t<img loading=\"lazy\" decoding=\"async\" src=\"https:\/\/nextgenc.net\/wp-content\/uploads\/2026\/01\/NGC-Tecnologia-WEB-212x300.png\" alt=\"NGC Tecnolog\u00eda WEB\" itemprop=\"image\" height=\"300\" width=\"212\" title=\"NGC Tecnolog\u00eda WEB\" onerror=\"this.style.display='none'\" srcset=\"https:\/\/nextgenc.net\/wp-content\/uploads\/2026\/01\/NGC-Tecnologia-WEB-212x300.png 212w, https:\/\/nextgenc.net\/wp-content\/uploads\/2026\/01\/NGC-Tecnologia-WEB-8x12.png 8w, https:\/\/nextgenc.net\/wp-content\/uploads\/2026\/01\/NGC-Tecnologia-WEB.png 724w\" sizes=\"auto, (max-width: 212px) 100vw, 212px\" \/>\n\t\t\t\t<\/a>\n\t\t<h4>\n\t\tParticipaci\u00f3n\n\t<\/h4>\n\t\t<h4>\n\t\t<a href=\"https:\/\/nextgenc.net\/en\/publicaciones\/tecnologia-e-innovacion-en-cartagena-manizales-y-quibdo-por-que-la-tecnologia-e-innovacion-es-un-tema-relevante-para-los-gobiernos-locales\/\" title=\"Tecnolog\u00eda e innovaci\u00f3n en Cartagena, Manizales y Quibd\u00f3 \u00bfPor qu\u00e9 la tecnolog\u00eda e innovaci\u00f3n es un tema relevante para los gobiernos locales?\" target=\"_self\">\n\t\tTecnolog\u00eda e innovaci\u00f3n en Cartagena, Manizales y Quibd\u00f3 \u00bfPor qu\u00e9 la tecnolog\u00eda e innovaci\u00f3n es un tema relevante para los gobiernos locales?\n\t\t<\/a>\n\t<\/h4>\n\t<p>Equipo NextGenC &#8211; LSE Cities, Universidad ICESI (POLIS), Universidad de los Andes, CGLU y Despacio, 2024<\/p>\n\t<p>An\u00e1lisis comparativo de la relaci\u00f3n entre tecnolog\u00eda, innovaci\u00f3n y participaci\u00f3n pol\u00edtica juvenil en Cartagena, Manizales y Quibd\u00f3. El documento examina c\u00f3mo las brechas digitales y las condiciones socioecon\u00f3micas limitan el acceso tecnol\u00f3gico juvenil, la formulaci\u00f3n de pol\u00edticas p\u00fablicas de Ciencia, Tecnolog\u00eda e Innovaci\u00f3n (CTeI), la fragmentaci\u00f3n institucional y el potencial desaprovechado de las herramientas digitales para la participaci\u00f3n ciudadana. Los hallazgos provienen de 50 entrevistas, grupos focales y cartograf\u00eda social con actores institucionales y juveniles. El estudio evidencia que la exclusi\u00f3n digital, la desarticulaci\u00f3n entre pol\u00edticas de CTeI y juventud, y la falta de presupuestos e indicadores limitan el ejercicio pleno de la ciudadan\u00eda digital juvenil en las tres ciudades.<\/p>\n\t\t\t<a href=\"https:\/\/nextgenc.net\/wp-content\/uploads\/2026\/01\/Policy-Brief-Tecnologia-digital-NextGenC-20251219-1.pdf\" download target=\"_self\">\n\t\t\t\t\t\t\tDownload PDF\n\t\t\t<\/a>\n\t\t\t<a href=\"https:\/\/nextgenc.net\/en\/publicaciones\/tecnologia-e-innovacion-en-cartagena-manizales-y-quibdo-por-que-la-tecnologia-e-innovacion-es-un-tema-relevante-para-los-gobiernos-locales\/\" target=\"_self\">\n\t\t\t\t\t\t\tRead more\n\t\t\t<\/a>\n\t\t\t\t<a href=\"https:\/\/nextgenc.net\/en\/publicaciones\/gobernanza-urbana-participacion-juvenil-y-tecnologia-en-cartagena-analisis-de-caso\/\" target=\"_self\" itemprop=\"url\">\n\t\t\t\t<img loading=\"lazy\" decoding=\"async\" src=\"https:\/\/nextgenc.net\/wp-content\/uploads\/2025\/07\/1_pages-to-jpg-0001-212x300.jpg\" alt=\"1_pages-to-jpg-0001\" itemprop=\"image\" height=\"300\" width=\"212\" title=\"1_pages-to-jpg-0001\" onerror=\"this.style.display='none'\" srcset=\"https:\/\/nextgenc.net\/wp-content\/uploads\/2025\/07\/1_pages-to-jpg-0001-212x300.jpg 212w, https:\/\/nextgenc.net\/wp-content\/uploads\/2025\/07\/1_pages-to-jpg-0001-768x1086.jpg 768w, https:\/\/nextgenc.net\/wp-content\/uploads\/2025\/07\/1_pages-to-jpg-0001-724x1024.jpg 724w, https:\/\/nextgenc.net\/wp-content\/uploads\/2025\/07\/1_pages-to-jpg-0001-1086x1536.jpg 1086w, https:\/\/nextgenc.net\/wp-content\/uploads\/2025\/07\/1_pages-to-jpg-0001-1448x2048.jpg 1448w, https:\/\/nextgenc.net\/wp-content\/uploads\/2025\/07\/1_pages-to-jpg-0001-8x12.jpg 8w, https:\/\/nextgenc.net\/wp-content\/uploads\/2025\/07\/1_pages-to-jpg-0001-scaled.jpg 1810w\" sizes=\"auto, (max-width: 212px) 100vw, 212px\" \/>\n\t\t\t\t<\/a>\n\t\t<h4>\n\t\tAn\u00e1lisis de caso\n\t<\/h4>\n\t\t<h4>\n\t\t<a href=\"https:\/\/nextgenc.net\/en\/publicaciones\/gobernanza-urbana-participacion-juvenil-y-tecnologia-en-cartagena-analisis-de-caso\/\" title=\"Gobernanza Urbana, Participaci\u00f3n Juvenil y Tecnolog\u00eda en Cartagena\" target=\"_self\">\n\t\tGobernanza Urbana, Participaci\u00f3n Juvenil y Tecnolog\u00eda en Cartagena\n\t\t<\/a>\n\t<\/h4>\n\t<p>Equipo NextGenC &#8211; LSE Cities, Universidad ICESI (POLIS), Universidad de los Andes, CGLU y Despacio, 2024<\/p>\n\t<p>An\u00e1lisis de las din\u00e1micas territoriales, pol\u00edticas y tecnol\u00f3gicas que inciden en la participaci\u00f3n pol\u00edtica juvenil en Cartagena. El documento examina el contexto socioecon\u00f3mico que enfrentan los j\u00f3venes -desempleo, pobreza, inseguridad y brechas digitales-, los escenarios de representaci\u00f3n pol\u00edtico-electoral, los instrumentos de pol\u00edtica p\u00fablica orientados a la juventud, y la intersecci\u00f3n entre gobernanza urbana, participaci\u00f3n juvenil y ciencia, tecnolog\u00eda e innovaci\u00f3n. Los hallazgos provienen de entrevistas, grupos focales y cartograf\u00eda social con actores institucionales y consejeros de juventud de las tres localidades del distrito.<\/p>\n\t\t\t<a href=\"https:\/\/nextgenc.net\/wp-content\/uploads\/2025\/08\/Cartagena-ICESI-Report_Urban-Governance-and-City-Documents.pdf\" download target=\"_self\">\n\t\t\t\t\t\t\tDownload PDF\n\t\t\t<\/a>\n\t\t\t<a href=\"https:\/\/nextgenc.net\/en\/publicaciones\/gobernanza-urbana-participacion-juvenil-y-tecnologia-en-cartagena-analisis-de-caso\/\" target=\"_self\">\n\t\t\t\t\t\t\tRead more\n\t\t\t<\/a>\n\t\t\t\t<a href=\"https:\/\/nextgenc.net\/en\/publicaciones\/participacion-ciudadana-en-cartagena-manizales-y-quibdopor-que-la-participacion-juvenil-es-un-tema-relevante-para-los-gobiernos-locales\/\" target=\"_self\" itemprop=\"url\">\n\t\t\t\t<img loading=\"lazy\" decoding=\"async\" src=\"https:\/\/nextgenc.net\/wp-content\/uploads\/2026\/01\/NGC-Participacion-WEB-212x300.png\" alt=\"NGC Participaci\u00f3n WEB\" itemprop=\"image\" height=\"300\" width=\"212\" title=\"NGC Participaci\u00f3n WEB\" onerror=\"this.style.display='none'\" srcset=\"https:\/\/nextgenc.net\/wp-content\/uploads\/2026\/01\/NGC-Participacion-WEB-212x300.png 212w, https:\/\/nextgenc.net\/wp-content\/uploads\/2026\/01\/NGC-Participacion-WEB-8x12.png 8w, https:\/\/nextgenc.net\/wp-content\/uploads\/2026\/01\/NGC-Participacion-WEB.png 724w\" sizes=\"auto, (max-width: 212px) 100vw, 212px\" \/>\n\t\t\t\t<\/a>\n\t\t<h4>\n\t\tParticipaci\u00f3n\n\t<\/h4>\n\t\t<h4>\n\t\t<a href=\"https:\/\/nextgenc.net\/en\/publicaciones\/participacion-ciudadana-en-cartagena-manizales-y-quibdopor-que-la-participacion-juvenil-es-un-tema-relevante-para-los-gobiernos-locales\/\" title=\"Participaci\u00f3n ciudadana en Cartagena, Manizales y Quibd\u00f3\u00bfPor qu\u00e9 la participaci\u00f3n juvenil es un tema relevante para los gobiernos locales?\" target=\"_self\">\n\t\tParticipaci\u00f3n ciudadana en Cartagena, Manizales y Quibd\u00f3\u00bfPor qu\u00e9 la participaci\u00f3n juvenil es un tema relevante para los gobiernos locales?\n\t\t<\/a>\n\t<\/h4>\n\t<p>Equipo NextGenC &#8211; LSE Cities, Universidad ICESI (POLIS), Universidad de los Andes, CGLU y Despacio, 2024<\/p>\n\t<p>An\u00e1lisis comparativo de los factores que condicionan la participaci\u00f3n pol\u00edtica juvenil en Cartagena, Manizales y Quibd\u00f3. El documento examina c\u00f3mo las condiciones socioecon\u00f3micas -pobreza, desempleo, inseguridad y salud mental- limitan el ejercicio de la ciudadan\u00eda juvenil; la existencia y efectividad de los mecanismos institucionales de participaci\u00f3n; la fragmentaci\u00f3n y discontinuidad de las pol\u00edticas y programas; y la tensi\u00f3n entre el reconocimiento simb\u00f3lico de las juventudes y la ausencia de respaldo institucional suficiente. Los hallazgos provienen de 50 entrevistas, grupos focales y cartograf\u00eda social con actores institucionales y juveniles. El estudio evidencia que, pese a los avances normativos, persisten barreras estructurales que reducen la participaci\u00f3n juvenil a espacios simb\u00f3licos con escasa incidencia real.<\/p>\n\t\t\t<a href=\"https:\/\/nextgenc.net\/wp-content\/uploads\/2026\/01\/Policy-Brief-Participacion-Politica-NextGenC-20251219.pdf\" download target=\"_self\">\n\t\t\t\t\t\t\tDownload PDF\n\t\t\t<\/a>\n\t\t\t<a href=\"https:\/\/nextgenc.net\/en\/publicaciones\/participacion-ciudadana-en-cartagena-manizales-y-quibdopor-que-la-participacion-juvenil-es-un-tema-relevante-para-los-gobiernos-locales\/\" target=\"_self\">\n\t\t\t\t\t\t\tRead more\n\t\t\t<\/a>\n\t\t\t\t\t\t\tManizales\n\t\t\t\t<a href=\"https:\/\/nextgenc.net\/en\/publicaciones\/participacion-juvenil-en-manizales\/\" target=\"_self\" itemprop=\"url\">\n\t\t\t\t<img loading=\"lazy\" decoding=\"async\" src=\"https:\/\/nextgenc.net\/wp-content\/uploads\/2025\/08\/Manizales-Los-Andes-212x300.png\" alt=\"Manizales Los Andes\" itemprop=\"image\" height=\"300\" width=\"212\" title=\"Manizales Los Andes\" onerror=\"this.style.display='none'\" srcset=\"https:\/\/nextgenc.net\/wp-content\/uploads\/2025\/08\/Manizales-Los-Andes-212x300.png 212w, https:\/\/nextgenc.net\/wp-content\/uploads\/2025\/08\/Manizales-Los-Andes-768x1086.png 768w, https:\/\/nextgenc.net\/wp-content\/uploads\/2025\/08\/Manizales-Los-Andes-724x1024.png 724w, https:\/\/nextgenc.net\/wp-content\/uploads\/2025\/08\/Manizales-Los-Andes-8x12.png 8w, https:\/\/nextgenc.net\/wp-content\/uploads\/2025\/08\/Manizales-Los-Andes.png 910w\" sizes=\"auto, (max-width: 212px) 100vw, 212px\" \/>\n\t\t\t\t<\/a>\n\t\t<h4>\n\t\tParticipaci\u00f3n\n\t<\/h4>\n\t\t<h4>\n\t\t<a href=\"https:\/\/nextgenc.net\/en\/publicaciones\/participacion-juvenil-en-manizales\/\" title=\"Participaci\u00f3n Juvenil en Manizales\" target=\"_self\">\n\t\tParticipaci\u00f3n Juvenil en Manizales\n\t\t<\/a>\n\t<\/h4>\n\t<p>Friederike Fleischer, Mar\u00eda Cecilia Dedios, Luisa Fernanda Leyton, Daniel S\u00e1nchez y Jaher Ren, 2025<\/p>\n\t<p>El documento presenta los resultados de la primera fase del proyecto NextGenC en Manizales, analizando la participaci\u00f3n juvenil y el uso de la tecnolog\u00eda en la gobernanza local. A trav\u00e9s de una metodolog\u00eda cualitativa (16 entrevistas y 15 observaciones), se caracteriz\u00f3 a una poblaci\u00f3n joven inmersa en una ciudad universitaria con alta cobertura educativa pero con retos de empleo e inclusi\u00f3n. Se concluye que la participaci\u00f3n juvenil se divide entre lo institucional (Plataformas, Consejos, Gabinetes) -afectado por rivalidades pol\u00edticas y baja incidencia real- y lo no institucional (colectivos independientes), donde los j\u00f3venes buscan espacios m\u00e1s seguros, estructurados y de impacto comunitario directo.<\/p>\n\t\t\t<a href=\"https:\/\/nextgenc.net\/wp-content\/uploads\/2025\/08\/Manizales-LOS-ANDES-Report_Youth-Comendiums-and-City-Documents.pdf\" download target=\"_self\">\n\t\t\t\t\t\t\tDownload PDF\n\t\t\t<\/a>\n\t\t\t<a href=\"https:\/\/nextgenc.net\/en\/publicaciones\/participacion-juvenil-en-manizales\/\" target=\"_self\">\n\t\t\t\t\t\t\tRead more\n\t\t\t<\/a>\n\t\t\t\t<a href=\"https:\/\/nextgenc.net\/en\/publicaciones\/como-acompanarnos-entre-jovenes-en-temas-de-salud-mental-manizales\/\" target=\"_self\" itemprop=\"url\">\n\t\t\t\t<img loading=\"lazy\" decoding=\"async\" src=\"https:\/\/nextgenc.net\/wp-content\/uploads\/2026\/02\/Manizales_FINAL-1_page-0001-232x300.jpg\" alt=\"Manizales_FINAL-1_page-0001\" itemprop=\"image\" height=\"300\" width=\"232\" title=\"Manizales_FINAL-1_page-0001\" onerror=\"this.style.display='none'\" srcset=\"https:\/\/nextgenc.net\/wp-content\/uploads\/2026\/02\/Manizales_FINAL-1_page-0001-232x300.jpg 232w, https:\/\/nextgenc.net\/wp-content\/uploads\/2026\/02\/Manizales_FINAL-1_page-0001-9x12.jpg 9w, https:\/\/nextgenc.net\/wp-content\/uploads\/2026\/02\/Manizales_FINAL-1_page-0001.jpg 724w\" sizes=\"auto, (max-width: 232px) 100vw, 232px\" \/>\n\t\t\t\t<\/a>\n\t\t<h4>\n\t\tGuide\n\t<\/h4>\n\t\t<h4>\n\t\t<a href=\"https:\/\/nextgenc.net\/en\/publicaciones\/como-acompanarnos-entre-jovenes-en-temas-de-salud-mental-manizales\/\" title=\"How Can We Support One Another as Young People When It Comes to Mental Health? - Manizales\" target=\"_self\">\n\t\t\u00bfC\u00f3mo acompa\u00f1arnos entre j\u00f3venes en temas de salud mental? &#8211; Manizales\n\t\t<\/a>\n\t<\/h4>\n\t<p>NextGenC, 2026<\/p>\n\t<p>Gu\u00eda dirigida a j\u00f3venes de Manizales sobre acompa\u00f1amiento, cuidado y orientaci\u00f3n en temas de salud mental. Recoge experiencias, problemas identificados por j\u00f3venes y recomendaciones para fortalecer redes de apoyo, liderazgo juvenil, autocuidado, acceso a rutas de atenci\u00f3n y bienestar emocional. la falta de presupuestos e indicadores limitan el ejercicio pleno de la ciudadan\u00eda digital juvenil en las tres ciudades.<\/p>\n\t\t\t<a href=\"https:\/\/nextgenc.net\/wp-content\/uploads\/2026\/02\/Manizales_FINAL.pdf\" download target=\"_self\">\n\t\t\t\t\t\t\tDownload PDF\n\t\t\t<\/a>\n\t\t\t<a href=\"https:\/\/nextgenc.net\/en\/publicaciones\/como-acompanarnos-entre-jovenes-en-temas-de-salud-mental-manizales\/\" target=\"_self\">\n\t\t\t\t\t\t\tRead more\n\t\t\t<\/a>\n\t\t\t\t<a href=\"https:\/\/nextgenc.net\/en\/publicaciones\/tecnologia-e-innovacion-en-cartagena-manizales-y-quibdo-por-que-la-tecnologia-e-innovacion-es-un-tema-relevante-para-los-gobiernos-locales\/\" target=\"_self\" itemprop=\"url\">\n\t\t\t\t<img loading=\"lazy\" decoding=\"async\" src=\"https:\/\/nextgenc.net\/wp-content\/uploads\/2026\/01\/NGC-Tecnologia-WEB-212x300.png\" alt=\"NGC Tecnolog\u00eda WEB\" itemprop=\"image\" height=\"300\" width=\"212\" title=\"NGC Tecnolog\u00eda WEB\" onerror=\"this.style.display='none'\" srcset=\"https:\/\/nextgenc.net\/wp-content\/uploads\/2026\/01\/NGC-Tecnologia-WEB-212x300.png 212w, https:\/\/nextgenc.net\/wp-content\/uploads\/2026\/01\/NGC-Tecnologia-WEB-8x12.png 8w, https:\/\/nextgenc.net\/wp-content\/uploads\/2026\/01\/NGC-Tecnologia-WEB.png 724w\" sizes=\"auto, (max-width: 212px) 100vw, 212px\" \/>\n\t\t\t\t<\/a>\n\t\t<h4>\n\t\tParticipaci\u00f3n\n\t<\/h4>\n\t\t<h4>\n\t\t<a href=\"https:\/\/nextgenc.net\/en\/publicaciones\/tecnologia-e-innovacion-en-cartagena-manizales-y-quibdo-por-que-la-tecnologia-e-innovacion-es-un-tema-relevante-para-los-gobiernos-locales\/\" title=\"Tecnolog\u00eda e innovaci\u00f3n en Cartagena, Manizales y Quibd\u00f3 \u00bfPor qu\u00e9 la tecnolog\u00eda e innovaci\u00f3n es un tema relevante para los gobiernos locales?\" target=\"_self\">\n\t\tTecnolog\u00eda e innovaci\u00f3n en Cartagena, Manizales y Quibd\u00f3 \u00bfPor qu\u00e9 la tecnolog\u00eda e innovaci\u00f3n es un tema relevante para los gobiernos locales?\n\t\t<\/a>\n\t<\/h4>\n\t<p>Equipo NextGenC &#8211; LSE Cities, Universidad ICESI (POLIS), Universidad de los Andes, CGLU y Despacio, 2024<\/p>\n\t<p>An\u00e1lisis comparativo de la relaci\u00f3n entre tecnolog\u00eda, innovaci\u00f3n y participaci\u00f3n pol\u00edtica juvenil en Cartagena, Manizales y Quibd\u00f3. El documento examina c\u00f3mo las brechas digitales y las condiciones socioecon\u00f3micas limitan el acceso tecnol\u00f3gico juvenil, la formulaci\u00f3n de pol\u00edticas p\u00fablicas de Ciencia, Tecnolog\u00eda e Innovaci\u00f3n (CTeI), la fragmentaci\u00f3n institucional y el potencial desaprovechado de las herramientas digitales para la participaci\u00f3n ciudadana. Los hallazgos provienen de 50 entrevistas, grupos focales y cartograf\u00eda social con actores institucionales y juveniles. El estudio evidencia que la exclusi\u00f3n digital, la desarticulaci\u00f3n entre pol\u00edticas de CTeI y juventud, y la falta de presupuestos e indicadores limitan el ejercicio pleno de la ciudadan\u00eda digital juvenil en las tres ciudades.<\/p>\n\t\t\t<a href=\"https:\/\/nextgenc.net\/wp-content\/uploads\/2026\/01\/Policy-Brief-Tecnologia-digital-NextGenC-20251219-1.pdf\" download target=\"_self\">\n\t\t\t\t\t\t\tDownload PDF\n\t\t\t<\/a>\n\t\t\t<a href=\"https:\/\/nextgenc.net\/en\/publicaciones\/tecnologia-e-innovacion-en-cartagena-manizales-y-quibdo-por-que-la-tecnologia-e-innovacion-es-un-tema-relevante-para-los-gobiernos-locales\/\" target=\"_self\">\n\t\t\t\t\t\t\tRead more\n\t\t\t<\/a>\n\t\t\t\t<a href=\"https:\/\/nextgenc.net\/en\/publicaciones\/gobernanza-urbana-participacion-juvenil-y-tecnologia-en-manizales-analisis-de-caso\/\" target=\"_self\" itemprop=\"url\">\n\t\t\t\t<img loading=\"lazy\" decoding=\"async\" src=\"https:\/\/nextgenc.net\/wp-content\/uploads\/2025\/08\/Manizales-ICESI-212x300.png\" alt=\"Manizales ICESI\" itemprop=\"image\" height=\"300\" width=\"212\" title=\"Manizales ICESI\" onerror=\"this.style.display='none'\" srcset=\"https:\/\/nextgenc.net\/wp-content\/uploads\/2025\/08\/Manizales-ICESI-212x300.png 212w, https:\/\/nextgenc.net\/wp-content\/uploads\/2025\/08\/Manizales-ICESI-8x12.png 8w, https:\/\/nextgenc.net\/wp-content\/uploads\/2025\/08\/Manizales-ICESI.png 659w\" sizes=\"auto, (max-width: 212px) 100vw, 212px\" \/>\n\t\t\t\t<\/a>\n\t\t<h4>\n\t\tAn\u00e1lisis de caso\n\t<\/h4>\n\t\t<h4>\n\t\t<a href=\"https:\/\/nextgenc.net\/en\/publicaciones\/gobernanza-urbana-participacion-juvenil-y-tecnologia-en-manizales-analisis-de-caso\/\" title=\"Gobernanza Urbana, Participaci\u00f3n Juvenil y Tecnolog\u00eda en Manizales\" target=\"_self\">\n\t\tGobernanza Urbana, Participaci\u00f3n Juvenil y Tecnolog\u00eda en Manizales\n\t\t<\/a>\n\t<\/h4>\n\t<p>Equipo NextGenC &#8211; LSE Cities, Universidad ICESI (POLIS), Universidad de los Andes, CGLU y Despacio, 2024<\/p>\n\t<p>An\u00e1lisis de las din\u00e1micas territoriales, pol\u00edticas, sociales y tecnol\u00f3gicas que inciden en la participaci\u00f3n pol\u00edtica juvenil en Manizales. El documento examina el contexto socioecon\u00f3mico que enfrentan los j\u00f3venes -desempleo, brechas educativas y de salud mental-, los escenarios de representaci\u00f3n pol\u00edtico-electoral, los instrumentos de pol\u00edtica p\u00fablica orientados a la juventud y la tecnolog\u00eda, y la intersecci\u00f3n entre gobernanza, participaci\u00f3n juvenil y ciencia e innovaci\u00f3n. Los hallazgos provienen de 24 entrevistas, grupos focales y cartograf\u00eda social con actores institucionales, acad\u00e9micos y consejeros de juventud. El estudio evidencia una tensi\u00f3n entre el reconocimiento normativo de los j\u00f3venes y las condiciones estructurales que limitan su participaci\u00f3n efectiva.<\/p>\n\t\t\t<a href=\"https:\/\/nextgenc.net\/wp-content\/uploads\/2025\/08\/Manizales-ICESI-Report_Urban-Governance-and-City-Documents.pdf\" download target=\"_self\">\n\t\t\t\t\t\t\tDownload PDF\n\t\t\t<\/a>\n\t\t\t<a href=\"https:\/\/nextgenc.net\/en\/publicaciones\/gobernanza-urbana-participacion-juvenil-y-tecnologia-en-manizales-analisis-de-caso\/\" target=\"_self\">\n\t\t\t\t\t\t\tRead more\n\t\t\t<\/a>\n\t\t\t\t<a href=\"https:\/\/nextgenc.net\/en\/publicaciones\/participacion-ciudadana-en-cartagena-manizales-y-quibdopor-que-la-participacion-juvenil-es-un-tema-relevante-para-los-gobiernos-locales\/\" target=\"_self\" itemprop=\"url\">\n\t\t\t\t<img loading=\"lazy\" decoding=\"async\" src=\"https:\/\/nextgenc.net\/wp-content\/uploads\/2026\/01\/NGC-Participacion-WEB-212x300.png\" alt=\"NGC Participaci\u00f3n WEB\" itemprop=\"image\" height=\"300\" width=\"212\" title=\"NGC Participaci\u00f3n WEB\" onerror=\"this.style.display='none'\" srcset=\"https:\/\/nextgenc.net\/wp-content\/uploads\/2026\/01\/NGC-Participacion-WEB-212x300.png 212w, https:\/\/nextgenc.net\/wp-content\/uploads\/2026\/01\/NGC-Participacion-WEB-8x12.png 8w, https:\/\/nextgenc.net\/wp-content\/uploads\/2026\/01\/NGC-Participacion-WEB.png 724w\" sizes=\"auto, (max-width: 212px) 100vw, 212px\" \/>\n\t\t\t\t<\/a>\n\t\t<h4>\n\t\tParticipaci\u00f3n\n\t<\/h4>\n\t\t<h4>\n\t\t<a href=\"https:\/\/nextgenc.net\/en\/publicaciones\/participacion-ciudadana-en-cartagena-manizales-y-quibdopor-que-la-participacion-juvenil-es-un-tema-relevante-para-los-gobiernos-locales\/\" title=\"Participaci\u00f3n ciudadana en Cartagena, Manizales y Quibd\u00f3\u00bfPor qu\u00e9 la participaci\u00f3n juvenil es un tema relevante para los gobiernos locales?\" target=\"_self\">\n\t\tParticipaci\u00f3n ciudadana en Cartagena, Manizales y Quibd\u00f3\u00bfPor qu\u00e9 la participaci\u00f3n juvenil es un tema relevante para los gobiernos locales?\n\t\t<\/a>\n\t<\/h4>\n\t<p>Equipo NextGenC &#8211; LSE Cities, Universidad ICESI (POLIS), Universidad de los Andes, CGLU y Despacio, 2024<\/p>\n\t<p>An\u00e1lisis comparativo de los factores que condicionan la participaci\u00f3n pol\u00edtica juvenil en Cartagena, Manizales y Quibd\u00f3. El documento examina c\u00f3mo las condiciones socioecon\u00f3micas -pobreza, desempleo, inseguridad y salud mental- limitan el ejercicio de la ciudadan\u00eda juvenil; la existencia y efectividad de los mecanismos institucionales de participaci\u00f3n; la fragmentaci\u00f3n y discontinuidad de las pol\u00edticas y programas; y la tensi\u00f3n entre el reconocimiento simb\u00f3lico de las juventudes y la ausencia de respaldo institucional suficiente. Los hallazgos provienen de 50 entrevistas, grupos focales y cartograf\u00eda social con actores institucionales y juveniles. El estudio evidencia que, pese a los avances normativos, persisten barreras estructurales que reducen la participaci\u00f3n juvenil a espacios simb\u00f3licos con escasa incidencia real.<\/p>\n\t\t\t<a href=\"https:\/\/nextgenc.net\/wp-content\/uploads\/2026\/01\/Policy-Brief-Participacion-Politica-NextGenC-20251219.pdf\" download target=\"_self\">\n\t\t\t\t\t\t\tDownload PDF\n\t\t\t<\/a>\n\t\t\t<a href=\"https:\/\/nextgenc.net\/en\/publicaciones\/participacion-ciudadana-en-cartagena-manizales-y-quibdopor-que-la-participacion-juvenil-es-un-tema-relevante-para-los-gobiernos-locales\/\" target=\"_self\">\n\t\t\t\t\t\t\tRead more\n\t\t\t<\/a>\n\t\t\t\t\t\t\tOther publications\n\t\t\t\t<a href=\"https:\/\/nextgenc.net\/en\/publicaciones\/urban-governance-from-global-concepts-to-regional-realities\/\" target=\"_self\" itemprop=\"url\">\n\t\t\t\t<img loading=\"lazy\" decoding=\"async\" src=\"https:\/\/nextgenc.net\/wp-content\/uploads\/2026\/06\/10-188x300.png\" alt=\"10\" itemprop=\"image\" height=\"300\" width=\"188\" title=\"10\" onerror=\"this.style.display='none'\" srcset=\"https:\/\/nextgenc.net\/wp-content\/uploads\/2026\/06\/10-188x300.png 188w, https:\/\/nextgenc.net\/wp-content\/uploads\/2026\/06\/10-642x1024.png 642w, https:\/\/nextgenc.net\/wp-content\/uploads\/2026\/06\/10-768x1226.png 768w, https:\/\/nextgenc.net\/wp-content\/uploads\/2026\/06\/10-963x1536.png 963w, https:\/\/nextgenc.net\/wp-content\/uploads\/2026\/06\/10-1283x2048.png 1283w, https:\/\/nextgenc.net\/wp-content\/uploads\/2026\/06\/10-8x12.png 8w, https:\/\/nextgenc.net\/wp-content\/uploads\/2026\/06\/10.png 1410w\" sizes=\"auto, (max-width: 188px) 100vw, 188px\" \/>\n\t\t\t\t<\/a>\n\t\t<h4>\n\t\tResumen\n\t<\/h4>\n\t\t<h4>\n\t\t<a href=\"https:\/\/nextgenc.net\/en\/publicaciones\/urban-governance-from-global-concepts-to-regional-realities\/\" title=\"Urban Governance: From Global Concepts to Regional Realities\" target=\"_self\">\n\t\tUrban Governance: From Global Concepts to Regional Realities\n\t\t<\/a>\n\t<\/h4>\n\t<p>Lina Mart\u00ednez Mar\u00eda, Isabel Zafra Mar\u00eda y Mar\u00eda Fernanda Alomia, 2024<\/p>\n\t<p>Revisi\u00f3n de los conceptos de gobernanza urbana -descentralizaci\u00f3n, participaci\u00f3n y gobernanza inteligente- a escala global y en Am\u00e9rica Latina, con \u00e9nfasis en Colombia. El documento muestra que la descentralizaci\u00f3n ha transformado profundamente la gobernanza local en la regi\u00f3n, aunque con resultados desiguales: ha ampliado la participaci\u00f3n ciudadana pero tambi\u00e9n ha profundizado debilidades institucionales, inequidades territoriales y la desconfianza en el Estado. Las ciudades intermedias, que albergan el 32% de la poblaci\u00f3n regional, enfrentan retos particulares de capacidad fiscal, participaci\u00f3n y adopci\u00f3n tecnol\u00f3gica. En Colombia, estos desaf\u00edos se agudizan por el conflicto armado y el proceso de paz. La incorporaci\u00f3n de tecnolog\u00eda en la gobernanza urbana es a\u00fan incipiente y concentrada en las grandes ciudades, evidenciando una brecha digital y de capacidades que limita la participaci\u00f3n ciudadana digital en territorios intermedios.<\/p>\n\t\t\t<a href=\"https:\/\/nextgenc.net\/wp-content\/uploads\/2026\/06\/5.1-Martinez-et-al-2024-Urban-Governance-From-global-concepts-to-regional-realities.pdf\" download target=\"_self\">\n\t\t\t\t\t\t\tDownload PDF\n\t\t\t<\/a>\n\t\t\t<a href=\"https:\/\/nextgenc.net\/en\/publicaciones\/urban-governance-from-global-concepts-to-regional-realities\/\" target=\"_self\">\n\t\t\t\t\t\t\tRead more\n\t\t\t<\/a>\n\t\t\t\t<a href=\"https:\/\/nextgenc.net\/en\/publicaciones\/youth-political-participation-and-technology-in-latin-american-and-colombia\/\" target=\"_self\" itemprop=\"url\">\n\t\t\t\t<img loading=\"lazy\" decoding=\"async\" src=\"https:\/\/nextgenc.net\/wp-content\/uploads\/2026\/06\/4-188x300.png\" alt=\"4\" itemprop=\"image\" height=\"300\" width=\"188\" title=\"4\" onerror=\"this.style.display='none'\" srcset=\"https:\/\/nextgenc.net\/wp-content\/uploads\/2026\/06\/4-188x300.png 188w, https:\/\/nextgenc.net\/wp-content\/uploads\/2026\/06\/4-642x1024.png 642w, https:\/\/nextgenc.net\/wp-content\/uploads\/2026\/06\/4-768x1226.png 768w, https:\/\/nextgenc.net\/wp-content\/uploads\/2026\/06\/4-963x1536.png 963w, https:\/\/nextgenc.net\/wp-content\/uploads\/2026\/06\/4-1283x2048.png 1283w, https:\/\/nextgenc.net\/wp-content\/uploads\/2026\/06\/4-8x12.png 8w, https:\/\/nextgenc.net\/wp-content\/uploads\/2026\/06\/4.png 1410w\" sizes=\"auto, (max-width: 188px) 100vw, 188px\" \/>\n\t\t\t\t<\/a>\n\t\t<h4>\n\t\tResumen\n\t<\/h4>\n\t\t<h4>\n\t\t<a href=\"https:\/\/nextgenc.net\/en\/publicaciones\/youth-political-participation-and-technology-in-latin-american-and-colombia\/\" title=\"Youth, (Political) Participation, and Technology in Latin American and Colombia\" target=\"_self\">\n\t\tYouth, (Political) Participation, and Technology in Latin American and Colombia\n\t\t<\/a>\n\t<\/h4>\n\t<p>Fleischer, Dedios Sanguineti, Delgado Martinez, Sanchez Vega, Moncaleano Arboleda, Universidad de los Andes, 2024<\/p>\n\t<p>El art\u00edculo presenta una revisi\u00f3n de la literatura acad\u00e9mica sobre la participaci\u00f3n juvenil, la pol\u00edtica y sus conexiones con la tecnolog\u00eda y el activismo en Am\u00e9rica Latina y Colombia. El texto se\u00f1ala que las formas actuales de participaci\u00f3n se dan en espacios no tradicionales, caracterizados por una organizaci\u00f3n horizontal, la toma de decisiones de abajo hacia arriba y un papel creciente de la tecnolog\u00eda. Adem\u00e1s, se identifica ac\u00e1 vac\u00edos en la investigaci\u00f3n actual, tales como la falta de estudios en ciudades intermedias o peque\u00f1as, la ausencia de un enfoque decolonial e interseccional, y el an\u00e1lisis limitado del rol de la tecnolog\u00eda en el activismo.<\/p>\n\t\t\t<a href=\"https:\/\/nextgenc.net\/wp-content\/uploads\/2026\/06\/2.1-Fleischer-Dedios-et-al-2024-Youth-Political-Participation-and-Technology-in-Latin-America-and-Colombia.pdf\" download target=\"_self\">\n\t\t\t\t\t\t\tDownload PDF\n\t\t\t<\/a>\n\t\t\t<a href=\"https:\/\/nextgenc.net\/en\/publicaciones\/youth-political-participation-and-technology-in-latin-american-and-colombia\/\" target=\"_self\">\n\t\t\t\t\t\t\tRead more\n\t\t\t<\/a>\n\t\t\t\t<a href=\"https:\/\/nextgenc.net\/en\/publicaciones\/estudio-jovenes-en-sociedad\/\" target=\"_self\" itemprop=\"url\">\n\t\t\t\t<img loading=\"lazy\" decoding=\"async\" src=\"https:\/\/nextgenc.net\/wp-content\/uploads\/2026\/01\/195-25-Resultados-estudio-Jovenes-en-Sociedad-V1.pdf-724-x-1024-px-212x300.png\" alt=\"195-25 Resultados estudio J\u00f3venes en Sociedad V1.pdf (724 x 1024 px)\" itemprop=\"image\" height=\"300\" width=\"212\" title=\"195-25 Resultados estudio J\u00f3venes en Sociedad V1.pdf (724 x 1024 px)\" onerror=\"this.style.display='none'\" srcset=\"https:\/\/nextgenc.net\/wp-content\/uploads\/2026\/01\/195-25-Resultados-estudio-Jovenes-en-Sociedad-V1.pdf-724-x-1024-px-212x300.png 212w, https:\/\/nextgenc.net\/wp-content\/uploads\/2026\/01\/195-25-Resultados-estudio-Jovenes-en-Sociedad-V1.pdf-724-x-1024-px-8x12.png 8w, https:\/\/nextgenc.net\/wp-content\/uploads\/2026\/01\/195-25-Resultados-estudio-Jovenes-en-Sociedad-V1.pdf-724-x-1024-px.png 724w\" sizes=\"auto, (max-width: 212px) 100vw, 212px\" \/>\n\t\t\t\t<\/a>\n\t\t<h4>\n\t\tEstudio\n\t<\/h4>\n\t\t<h4>\n\t\t<a href=\"https:\/\/nextgenc.net\/en\/publicaciones\/estudio-jovenes-en-sociedad\/\" title=\"Estudio Jovenes en Sociedad\" target=\"_self\">\n\t\tEstudio Jovenes en Sociedad\n\t\t<\/a>\n\t<\/h4>\n\t<p>Cifras y Conceptos, Fundaci\u00f3n Corona, LSE, Next Gen C, Fundaci\u00f3n Bolivar Davivienda, El Tiempo, 2026<\/p>\n\t<p>El estudio analiza las percepciones, opiniones y comportamientos de los j\u00f3venes en Colombia frente a temas como democracia, gobierno nacional, participaci\u00f3n pol\u00edtica y elecciones 2026, educaci\u00f3n, mercado laboral, participaci\u00f3n digital, nuevas juventudes y emociones. La investigaci\u00f3n recoge informaci\u00f3n sobre las condiciones sociodemogr\u00e1ficas, preocupaciones principales y formas de participaci\u00f3n social y pol\u00edtica de los j\u00f3venes.<\/p>\n\t\t\t<a href=\"https:\/\/nextgenc.net\/wp-content\/uploads\/2026\/01\/195-25-Resultados-estudio-Jovenes-en-Sociedad-V1.pdf\" download target=\"_self\">\n\t\t\t\t\t\t\tDownload PDF\n\t\t\t<\/a>\n\t\t\t<a href=\"https:\/\/nextgenc.net\/en\/publicaciones\/estudio-jovenes-en-sociedad\/\" target=\"_self\">\n\t\t\t\t\t\t\tRead more\n\t\t\t<\/a>\n\t\t\t\t<a href=\"https:\/\/nextgenc.net\/en\/publicaciones\/nextgenc-literature-scan-review-of-international-organisations-literature\/\" target=\"_self\" itemprop=\"url\">\n\t\t\t\t<img loading=\"lazy\" decoding=\"async\" src=\"https:\/\/nextgenc.net\/wp-content\/uploads\/2026\/06\/8-188x300.png\" alt=\"8\" itemprop=\"image\" height=\"300\" width=\"188\" title=\"8\" onerror=\"this.style.display='none'\" srcset=\"https:\/\/nextgenc.net\/wp-content\/uploads\/2026\/06\/8-188x300.png 188w, https:\/\/nextgenc.net\/wp-content\/uploads\/2026\/06\/8-642x1024.png 642w, https:\/\/nextgenc.net\/wp-content\/uploads\/2026\/06\/8-768x1226.png 768w, https:\/\/nextgenc.net\/wp-content\/uploads\/2026\/06\/8-963x1536.png 963w, https:\/\/nextgenc.net\/wp-content\/uploads\/2026\/06\/8-1283x2048.png 1283w, https:\/\/nextgenc.net\/wp-content\/uploads\/2026\/06\/8-8x12.png 8w, https:\/\/nextgenc.net\/wp-content\/uploads\/2026\/06\/8.png 1410w\" sizes=\"auto, (max-width: 188px) 100vw, 188px\" \/>\n\t\t\t\t<\/a>\n\t\t<h4>\n\t\tResumen\n\t<\/h4>\n\t\t<h4>\n\t\t<a href=\"https:\/\/nextgenc.net\/en\/publicaciones\/nextgenc-literature-scan-review-of-international-organisations-literature\/\" title=\"NextGenC Literature Scan: Review of International Organisations Literature\" target=\"_self\">\n\t\tNextGenC Literature Scan: Review of International Organisations Literature\n\t\t<\/a>\n\t<\/h4>\n\t<p>LSE Cities, 2024<\/p>\n\t<p>Revisi\u00f3n de publicaciones de organizaciones internacionales -OCDE, ONU-H\u00e1bitat, Banco Mundial, USAID y BID- sobre gobernanza urbana, juventud y tecnolog\u00eda. El documento identifica los principales desaf\u00edos socioecon\u00f3micos que enfrentan los j\u00f3venes urbanos, incluyendo desempleo, pobreza y subrepresentaci\u00f3n pol\u00edtica, y examina soluciones basadas en tecnolog\u00eda digital para ampliar su participaci\u00f3n en la gobernanza. Se destacan iniciativas de ciudades inteligentes centradas en las personas, presupuestos participativos digitales y marcos de pol\u00edtica p\u00fablica orientados al emprendimiento juvenil y la equidad intergeneracional.<\/p>\n\t\t\t<a href=\"https:\/\/nextgenc.net\/wp-content\/uploads\/2026\/06\/4-LSE-Cities-2024-NextGenC-Review-of-International-Organisations-Literature.pdf\" download target=\"_self\">\n\t\t\t\t\t\t\tDownload PDF\n\t\t\t<\/a>\n\t\t\t<a href=\"https:\/\/nextgenc.net\/en\/publicaciones\/nextgenc-literature-scan-review-of-international-organisations-literature\/\" target=\"_self\">\n\t\t\t\t\t\t\tRead more\n\t\t\t<\/a>\n\t\t\t\t<a href=\"https:\/\/nextgenc.net\/en\/publicaciones\/next-generation-urban-governance-a-systematic-review\/\" target=\"_self\" itemprop=\"url\">\n\t\t\t\t<img loading=\"lazy\" decoding=\"async\" src=\"https:\/\/nextgenc.net\/wp-content\/uploads\/2026\/06\/2-188x300.png\" alt=\"2\" itemprop=\"image\" height=\"300\" width=\"188\" title=\"2\" onerror=\"this.style.display='none'\" srcset=\"https:\/\/nextgenc.net\/wp-content\/uploads\/2026\/06\/2-188x300.png 188w, https:\/\/nextgenc.net\/wp-content\/uploads\/2026\/06\/2-642x1024.png 642w, https:\/\/nextgenc.net\/wp-content\/uploads\/2026\/06\/2-768x1226.png 768w, https:\/\/nextgenc.net\/wp-content\/uploads\/2026\/06\/2-963x1536.png 963w, https:\/\/nextgenc.net\/wp-content\/uploads\/2026\/06\/2-1283x2048.png 1283w, https:\/\/nextgenc.net\/wp-content\/uploads\/2026\/06\/2-8x12.png 8w, https:\/\/nextgenc.net\/wp-content\/uploads\/2026\/06\/2.png 1410w\" sizes=\"auto, (max-width: 188px) 100vw, 188px\" \/>\n\t\t\t\t<\/a>\n\t\t<h4>\n\t\tResumen\n\t<\/h4>\n\t\t<h4>\n\t\t<a href=\"https:\/\/nextgenc.net\/en\/publicaciones\/next-generation-urban-governance-a-systematic-review\/\" title=\"Next Generation Urban Governance: A Systematic Review\" target=\"_self\">\n\t\tNext Generation Urban Governance: A Systematic Review\n\t\t<\/a>\n\t<\/h4>\n\t<p>Nuno F. da Cruz y Philipp Rode, 2024<\/p>\n\t<p>Revisi\u00f3n sistem\u00e1tica de literatura acad\u00e9mica sobre la intersecci\u00f3n entre gobernanza urbana, participaci\u00f3n juvenil y tecnolog\u00eda digital. El documento analiza 62 publicaciones identificadas en Web of Science, de las cuales 13 son altamente relevantes para el proyecto NextGenC. Los hallazgos revelan una producci\u00f3n acad\u00e9mica escasa y reciente, concentrada en el Norte Global, y confirman el potencial del proyecto para llenar vac\u00edos en ciudades intermedias de Colombia y Am\u00e9rica Latina desde una perspectiva de ciencias sociales.<\/p>\n\t\t\t<a href=\"https:\/\/nextgenc.net\/wp-content\/uploads\/2026\/06\/1-da-Cruz-and-Rode-2024-Next-Generation-Urban-Governance-Systematic-Review.pdf\" download target=\"_self\">\n\t\t\t\t\t\t\tDownload PDF\n\t\t\t<\/a>\n\t\t\t<a href=\"https:\/\/nextgenc.net\/en\/publicaciones\/next-generation-urban-governance-a-systematic-review\/\" target=\"_self\">\n\t\t\t\t\t\t\tRead more\n\t\t\t<\/a>\n\t\t\t\t<a href=\"https:\/\/nextgenc.net\/en\/publicaciones\/digital-technologies-and-the-political-participation-of-urban-youth-a-global-review\/\" target=\"_self\" itemprop=\"url\">\n\t\t\t\t<img loading=\"lazy\" decoding=\"async\" src=\"https:\/\/nextgenc.net\/wp-content\/uploads\/2026\/06\/6-188x300.png\" alt=\"6\" itemprop=\"image\" height=\"300\" width=\"188\" title=\"6\" onerror=\"this.style.display='none'\" srcset=\"https:\/\/nextgenc.net\/wp-content\/uploads\/2026\/06\/6-188x300.png 188w, https:\/\/nextgenc.net\/wp-content\/uploads\/2026\/06\/6-642x1024.png 642w, https:\/\/nextgenc.net\/wp-content\/uploads\/2026\/06\/6-768x1226.png 768w, https:\/\/nextgenc.net\/wp-content\/uploads\/2026\/06\/6-963x1536.png 963w, https:\/\/nextgenc.net\/wp-content\/uploads\/2026\/06\/6-1283x2048.png 1283w, https:\/\/nextgenc.net\/wp-content\/uploads\/2026\/06\/6-8x12.png 8w, https:\/\/nextgenc.net\/wp-content\/uploads\/2026\/06\/6.png 1410w\" sizes=\"auto, (max-width: 188px) 100vw, 188px\" \/>\n\t\t\t\t<\/a>\n\t\t<h4>\n\t\tResumen\n\t<\/h4>\n\t\t<h4>\n\t\t<a href=\"https:\/\/nextgenc.net\/en\/publicaciones\/digital-technologies-and-the-political-participation-of-urban-youth-a-global-review\/\" title=\"Digital Technologies and the Political Participation of Urban Youth: a global review\" target=\"_self\">\n\t\tDigital Technologies and the Political Participation of Urban Youth: a global review\n\t\t<\/a>\n\t<\/h4>\n\t<p>Imogen Hamilton-Jones, Philipp Rode y Andres Lombana Bermudez., 2024<\/p>\n\t<p>El documento examina c\u00f3mo las herramientas digitales reconfiguran la participaci\u00f3n pol\u00edtica de los j\u00f3venes en entornos urbanos globales, concluyendo que lo digital y lo presencial est\u00e1n interconectados de forma fluida en las ciudades. Clasifica las tecnolog\u00edas en tres categor\u00edas (redes sociales de j\u00f3venes, herramientas comunitarias de coproducci\u00f3n e iniciativas de e-participaci\u00f3n gubernamental) y analiza los niveles de compromiso (organizaci\u00f3n, contribuci\u00f3n y seguimiento). El texto destaca riesgos como las burbujas algor\u00edtmicas y la represi\u00f3n estatal, e identifica vac\u00edos en la investigaci\u00f3n actual, tales como el exceso de foco en redes sociales, la falta de una perspectiva urbana f\u00edsica y un fuerte desequilibrio geogr\u00e1fico que ignora al Sur Global.<\/p>\n\t\t\t<a href=\"https:\/\/nextgenc.net\/wp-content\/uploads\/2026\/06\/3-Hamilton-Jones-et-al-2024-Digital-Technologies-and-Urban-Youth-Participation.pdf\" download target=\"_self\">\n\t\t\t\t\t\t\tDownload PDF\n\t\t\t<\/a>\n\t\t\t<a href=\"https:\/\/nextgenc.net\/en\/publicaciones\/digital-technologies-and-the-political-participation-of-urban-youth-a-global-review\/\" target=\"_self\">\n\t\t\t\t\t\t\tRead more\n\t\t\t<\/a>\n\t<p>*The original documents are in English. The translation is done automatically<\/p>\n\t<p class=\"translation-block\">At <strong>NextGenC<\/strong>, we set out to collect socioeconomic data to analyze technology-driven political participation among young people in Colombia and to help us identify the three pilot cities with which we would work most closely. Below, you\u2019ll find a dashboard that presents a summary of some of the most relevant indicators, focusing on 14 cities across the country. You can also access the complete database, which includes 95 cities, by downloading the file available on the right.<\/p>\n\t\t\t\tEs\n\t\t\t\tEn\n\t\t\t\t\t\t\tEs\n\t<iframe loading=\"lazy\" width=\"100%\" height=\"900\" src=\"https:\/\/datastudio.google.com\/embed\/u\/0\/reporting\/698b6c12-dbdd-44e1-80ca-d8094a07119c\/page\/p_1hz8ydbahd\" frameborder=\"0\" allowfullscreen><\/iframe>\n\t\t\t\t\t\t\tIn\n\t<iframe loading=\"lazy\" width=\"100%\" height=\"900\" src=\"https:\/\/datastudio.google.com\/embed\/u\/0\/reporting\/ec06c048-e719-4015-ad2a-88d2d78b6c05\/page\/p_1hz8ydbahd\" frameborder=\"0\" allowfullscreen><\/iframe>","protected":false},"excerpt":{"rendered":"<p>INVESTIGACI\u00d3N En esta secci\u00f3n se presentan los productos de investigaci\u00f3n de #NextGenC. Estas investigaciones exploran c\u00f3mo las juventudes, los gobiernos locales y otros actores urbanos utilizan herramientas digitales y formas innovadoras de gobernanza, identificando tanto avances como desaf\u00edos de la participaci\u00f3n juvenil en la era digital. Los documentos aqu\u00ed disponibles conectan la evidencia acad\u00e9mica con&hellip;<\/p>","protected":false},"author":1,"featured_media":0,"parent":0,"menu_order":0,"comment_status":"closed","ping_status":"closed","template":"","meta":{"_acf_changed":false,"footnotes":""},"class_list":["post-33","page","type-page","status-publish","hentry"],"acf":[],"_links":{"self":[{"href":"https:\/\/nextgenc.net\/en\/wp-json\/wp\/v2\/pages\/33","targetHints":{"allow":["GET"]}}],"collection":[{"href":"https:\/\/nextgenc.net\/en\/wp-json\/wp\/v2\/pages"}],"about":[{"href":"https:\/\/nextgenc.net\/en\/wp-json\/wp\/v2\/types\/page"}],"author":[{"embeddable":true,"href":"https:\/\/nextgenc.net\/en\/wp-json\/wp\/v2\/users\/1"}],"replies":[{"embeddable":true,"href":"https:\/\/nextgenc.net\/en\/wp-json\/wp\/v2\/comments?post=33"}],"version-history":[{"count":40,"href":"https:\/\/nextgenc.net\/en\/wp-json\/wp\/v2\/pages\/33\/revisions"}],"predecessor-version":[{"id":1881,"href":"https:\/\/nextgenc.net\/en\/wp-json\/wp\/v2\/pages\/33\/revisions\/1881"}],"wp:attachment":[{"href":"https:\/\/nextgenc.net\/en\/wp-json\/wp\/v2\/media?parent=33"}],"curies":[{"name":"wp","href":"https:\/\/api.w.org\/{rel}","templated":true}]}}